{"id":6726,"date":"2016-10-26T10:25:10","date_gmt":"2016-10-26T08:25:10","guid":{"rendered":"https:\/\/dev.consellagrari.com\/descarga-de-documentos\/"},"modified":"2022-06-20T15:45:10","modified_gmt":"2022-06-20T13:45:10","slug":"documentacion","status":"publish","type":"page","link":"https:\/\/valencia.consellagrari.com\/es\/recursos\/documentacion\/","title":{"rendered":"Documentaci\u00f3n"},"content":{"rendered":"<div class='w3eden'>\n    <div class=''>\n\n        <form method=\"get\" class=\"\" data-container=\"#content_wpdm_package_1\" id=\"sc_form_wpdm_package_1\" style=\"margin-bottom: 15px\">\n    \n            <div class=\"card panel panel-default wpdm-shortcode-toolbar\">\n                <div class=\"card-body panel-body\">\n                    <div class=\"row\">\n                        <div class=\"col-lg-6 col-md-12\">\n                            <input type=\"search\" name=\"skw\" value=\"\" placeholder=\"Buscar palabra clave\u2026\" class=\"form-control\" \/>\n                        <\/div>\n                        <div class=\"col-lg-2 col-md-4\">\n                            <select name=\"orderby\" class=\"wpdm-custom-select custom-select\">\n                                <option value=\"date\" disabled=\"disabled\">Ordenar por:<\/option>\n                                <option value=\"date\" >Fecha de publicaci\u00f3n<\/option>\n                                <option value=\"title\" >T\u00edtulo<\/option>\n                                <option value=\"update_date\" >Fecha de actualizaci\u00f3n<\/option>\n                                <option value=\"downloads\" >Descargas<\/option>\n                                <option value=\"views\" >Visitas<\/option>\n                            <\/select>\n                        <\/div>\n                        <div class=\"col-lg-2 col-md-4\">\n                            <select name=\"order\" class=\"wpdm-custom-select custom-select\">\n                                <option value=\"desc\" disabled=\"disabled\">Orden:<\/option>\n                                <option value=\"desc\" >Descendente<\/option>\n                                <option value=\"asc\" >Ascendente<\/option>\n                            <\/select>\n                        <\/div>\n                        <div class=\"col-lg-2 col-md-4\">\n                            <button type=\"submit\" class=\"btn btn-secondary btn-block\">Aplicar el filtro<\/button>\n                        <\/div>\n                    <\/div>\n                <\/div>\n            <\/div>\n\n            <\/form>\n<div class=\"spacer mb-3 d-block clearfix\"><\/div>\n\n        <div id=\"content_wpdm_package_1\">\n            <div class='row'><div class='col-lg-12 col-md-6 col-12'><div class=\"well c2a1\">\n    <div class=\"media\">\n\n\n        <div class=\"media-body\">\n          <h3 class=\"media-heading\" style=\"padding-top: 0px;border:0px;margin: 0 0 5px 0;font-size:12pt;\"><img decoding=\"async\" class=\"wpdm_icon\" alt=\"Icono\" src=\"https:\/\/valencia.consellagrari.com\/wp-content\/plugins\/download-manager\/assets\/file-type-icons\/pdf.svg\" \/><a style=\"font-weight: 700\" href=\"https:\/\/valencia.consellagrari.com\/es\/download\/dret-foral-valencia\/?wpdmdl=7832&refresh=69ef432f9942c1777287983\">Derecho Foral Valenciano<\/a> <span style=\"margin-left:30px;font-size:8pt;font-weight:300\"><i style=\"margin: 2px 0 0 5px;opacity:0.5\" class=\"fa fa-th-large\"><\/i> 333.84 KB <\/span><\/h3>\n        <\/div>\n\n        <div class=\"ml-3\" align=\"right\">\n            <a class='wpdm-download-link download-on-click btn btn-primary ' rel='nofollow' href='#' data-downloadurl=\"https:\/\/valencia.consellagrari.com\/es\/download\/dret-foral-valencia\/?wpdmdl=7832&refresh=69ef432f9942c1777287983\">Descargar<\/a>\n        <\/div>\n\n    <\/div>\n<p>LEY 3\/2013, de 26 de julio, de la Generalitat, de los Contratos y otras Relaciones Jur\u00eddicas Agrarias<\/p>\n\n<\/div>\n<style>.well.c2a1 .btn.wpdm-download-link{ padding: 11px 30px;font-size: 11pt; } .well.c2a1 .media-body{ font-size: 11pt; }<\/style><\/div><div class='col-lg-12 col-md-6 col-12'><div class=\"well c2a1\">\n    <div class=\"media\">\n\n\n        <div class=\"media-body\">\n          <h3 class=\"media-heading\" style=\"padding-top: 0px;border:0px;margin: 0 0 5px 0;font-size:12pt;\"><img decoding=\"async\" class=\"wpdm_icon\" alt=\"Icono\" src=\"https:\/\/valencia.consellagrari.com\/wp-content\/plugins\/download-manager\/assets\/file-type-icons\/pdf.svg\" \/><a style=\"font-weight: 700\" href=\"https:\/\/valencia.consellagrari.com\/es\/download\/comunicacio-previa-daportacio-de-fem\/?wpdmdl=7831&refresh=69ef432fa9f971777287983\">Comunicaci\u00f3n previa de aportaci\u00f3n de abono org\u00e1nico<\/a> <span style=\"margin-left:30px;font-size:8pt;font-weight:300\"><i style=\"margin: 2px 0 0 5px;opacity:0.5\" class=\"fa fa-th-large\"><\/i> 1.06 MB <\/span><\/h3>\n        <\/div>\n\n        <div class=\"ml-3\" align=\"right\">\n            <a class='wpdm-download-link download-on-click btn btn-primary ' rel='nofollow' href='#' data-downloadurl=\"https:\/\/valencia.consellagrari.com\/es\/download\/comunicacio-previa-daportacio-de-fem\/?wpdmdl=7831&refresh=69ef432fa9f971777287983\">Descargar<\/a>\n        <\/div>\n\n    <\/div>\n<p>Modelo de instancia para la comunicaci\u00f3n previa de aportaci\u00f3n de abono org\u00e1nico.<\/p>\n\n<\/div>\n<style>.well.c2a1 .btn.wpdm-download-link{ padding: 11px 30px;font-size: 11pt; } .well.c2a1 .media-body{ font-size: 11pt; }<\/style><\/div><div class='col-lg-12 col-md-6 col-12'><div class=\"well c2a1\">\n    <div class=\"media\">\n\n\n        <div class=\"media-body\">\n          <h3 class=\"media-heading\" style=\"padding-top: 0px;border:0px;margin: 0 0 5px 0;font-size:12pt;\"><img decoding=\"async\" class=\"wpdm_icon\" alt=\"Icono\" src=\"https:\/\/valencia.consellagrari.com\/wp-content\/plugins\/download-manager\/assets\/file-type-icons\/pdf.svg\" \/><a style=\"font-weight: 700\" href=\"https:\/\/valencia.consellagrari.com\/es\/download\/model-dinstancia-per-a-la-sollicitud-de-certificat-de-cultiu\/?wpdmdl=7829&refresh=69ef432fb913e1777287983\">Modelo de instancia para la solicitud de certificado de cultivo.<\/a> <span style=\"margin-left:30px;font-size:8pt;font-weight:300\"><i style=\"margin: 2px 0 0 5px;opacity:0.5\" class=\"fa fa-th-large\"><\/i> 1.05 MB <\/span><\/h3>\n        <\/div>\n\n        <div class=\"ml-3\" align=\"right\">\n            <a class='wpdm-download-link download-on-click btn btn-primary ' rel='nofollow' href='#' data-downloadurl=\"https:\/\/valencia.consellagrari.com\/es\/download\/model-dinstancia-per-a-la-sollicitud-de-certificat-de-cultiu\/?wpdmdl=7829&refresh=69ef432fb913e1777287983\">Descargar<\/a>\n        <\/div>\n\n    <\/div>\n<p>Modelo de instancia para la solicitud de certificado de cultivo para la venta de proximidad de productos agrarios.<\/p>\n\n<\/div>\n<style>.well.c2a1 .btn.wpdm-download-link{ padding: 11px 30px;font-size: 11pt; } .well.c2a1 .media-body{ font-size: 11pt; }<\/style><\/div><div class='col-lg-12 col-md-6 col-12'><div class=\"well c2a1\">\n    <div class=\"media\">\n\n\n        <div class=\"media-body\">\n          <h3 class=\"media-heading\" style=\"padding-top: 0px;border:0px;margin: 0 0 5px 0;font-size:12pt;\"><img decoding=\"async\" class=\"wpdm_icon\" alt=\"Icono\" src=\"https:\/\/valencia.consellagrari.com\/wp-content\/plugins\/download-manager\/assets\/file-type-icons\/pdf.svg\" \/><a style=\"font-weight: 700\" href=\"https:\/\/valencia.consellagrari.com\/es\/download\/model-denuncia-substraccio-i-o-danys\/?wpdmdl=7827&refresh=69ef432fc82fd1777287983\">Modelo denuncia sustracci\u00f3n y\/o da\u00f1os<\/a> <span style=\"margin-left:30px;font-size:8pt;font-weight:300\"><i style=\"margin: 2px 0 0 5px;opacity:0.5\" class=\"fa fa-th-large\"><\/i> 374.16 KB <\/span><\/h3>\n        <\/div>\n\n        <div class=\"ml-3\" align=\"right\">\n            <a class='wpdm-download-link download-on-click btn btn-primary ' rel='nofollow' href='#' data-downloadurl=\"https:\/\/valencia.consellagrari.com\/es\/download\/model-denuncia-substraccio-i-o-danys\/?wpdmdl=7827&refresh=69ef432fc82fd1777287983\">Descargar<\/a>\n        <\/div>\n\n    <\/div>\n<p>Modelo denuncia de Hurtos y decomisos en el \u00e1mbito de la huerta de Val\u00e8ncia<\/p>\n\n<\/div>\n<style>.well.c2a1 .btn.wpdm-download-link{ padding: 11px 30px;font-size: 11pt; } .well.c2a1 .media-body{ font-size: 11pt; }<\/style><\/div><div class='col-lg-12 col-md-6 col-12'><div class=\"well c2a1\">\n    <div class=\"media\">\n\n\n        <div class=\"media-body\">\n          <h3 class=\"media-heading\" style=\"padding-top: 0px;border:0px;margin: 0 0 5px 0;font-size:12pt;\"><img decoding=\"async\" class=\"wpdm_icon\" alt=\"Icono\" src=\"https:\/\/valencia.consellagrari.com\/wp-content\/plugins\/download-manager\/assets\/file-type-icons\/pdf.svg\" \/><a style=\"font-weight: 700\" href=\"https:\/\/valencia.consellagrari.com\/es\/download\/desplacament-a-explotacio-agraria-en-el-terme-municipal-de-valencia\/?wpdmdl=7826&refresh=69ef432fd98fe1777287983\">Desplazamiento a explotaci\u00f3n agraria en el t\u00e9rmino municipal de Val\u00e8ncia<\/a> <span style=\"margin-left:30px;font-size:8pt;font-weight:300\"><i style=\"margin: 2px 0 0 5px;opacity:0.5\" class=\"fa fa-th-large\"><\/i> 165.32 KB <\/span><\/h3>\n        <\/div>\n\n        <div class=\"ml-3\" align=\"right\">\n            <a class='wpdm-download-link download-on-click btn btn-primary ' rel='nofollow' href='#' data-downloadurl=\"https:\/\/valencia.consellagrari.com\/es\/download\/desplacament-a-explotacio-agraria-en-el-terme-municipal-de-valencia\/?wpdmdl=7826&refresh=69ef432fd98fe1777287983\">Descargar<\/a>\n        <\/div>\n\n    <\/div>\n<p>Modelo diligencia de desplazamiento a explotaci\u00f3n agraria<\/p>\n\n<\/div>\n<style>.well.c2a1 .btn.wpdm-download-link{ padding: 11px 30px;font-size: 11pt; } .well.c2a1 .media-body{ font-size: 11pt; }<\/style><\/div><div class='col-lg-12 col-md-6 col-12'><div class=\"well c2a1\">\n    <div class=\"media\">\n\n\n        <div class=\"media-body\">\n          <h3 class=\"media-heading\" style=\"padding-top: 0px;border:0px;margin: 0 0 5px 0;font-size:12pt;\"><img decoding=\"async\" class=\"wpdm_icon\" alt=\"Icono\" src=\"https:\/\/valencia.consellagrari.com\/wp-content\/plugins\/download-manager\/assets\/file-type-icons\/pdf.svg\" \/><a style=\"font-weight: 700\" href=\"https:\/\/valencia.consellagrari.com\/es\/download\/pacto-de-politica-alimentaria-urbana-de-milan\/?wpdmdl=7824&refresh=69ef432fe97f51777287983\">Pacto de pol\u00edtica alimentaria urbana de Mil\u00e1n<\/a> <span style=\"margin-left:30px;font-size:8pt;font-weight:300\"><i style=\"margin: 2px 0 0 5px;opacity:0.5\" class=\"fa fa-th-large\"><\/i> 148.81 KB <\/span><\/h3>\n        <\/div>\n\n        <div class=\"ml-3\" align=\"right\">\n            <a class='wpdm-download-link download-on-click btn btn-primary ' rel='nofollow' href='#' data-downloadurl=\"https:\/\/valencia.consellagrari.com\/es\/download\/pacto-de-politica-alimentaria-urbana-de-milan\/?wpdmdl=7824&refresh=69ef432fe97f51777287983\">Descargar<\/a>\n        <\/div>\n\n    <\/div>\n<p>Milan Urban Food Policy Pact firmado por la ciudad de Val\u00e8ncia el 15 de Octubre de 2015<\/p>\n\n<\/div>\n<style>.well.c2a1 .btn.wpdm-download-link{ padding: 11px 30px;font-size: 11pt; } .well.c2a1 .media-body{ font-size: 11pt; }<\/style><\/div><div class='col-lg-12 col-md-6 col-12'><div class=\"well c2a1\">\n    <div class=\"media\">\n\n\n        <div class=\"media-body\">\n          <h3 class=\"media-heading\" style=\"padding-top: 0px;border:0px;margin: 0 0 5px 0;font-size:12pt;\"><img decoding=\"async\" class=\"wpdm_icon\" alt=\"Icono\" src=\"https:\/\/valencia.consellagrari.com\/wp-content\/plugins\/download-manager\/assets\/file-type-icons\/pdf.svg\" \/><a style=\"font-weight: 700\" href=\"https:\/\/valencia.consellagrari.com\/es\/download\/anexo-iii\/?wpdmdl=7822&refresh=69ef4330044ae1777287984\">ANNEX III<\/a> <span style=\"margin-left:30px;font-size:8pt;font-weight:300\"><i style=\"margin: 2px 0 0 5px;opacity:0.5\" class=\"fa fa-th-large\"><\/i> 21.85 KB <\/span><\/h3>\n        <\/div>\n\n        <div class=\"ml-3\" align=\"right\">\n            <a class='wpdm-download-link download-on-click btn btn-primary ' rel='nofollow' href='#' data-downloadurl=\"https:\/\/valencia.consellagrari.com\/es\/download\/anexo-iii\/?wpdmdl=7822&refresh=69ef4330044ae1777287984\">Descargar<\/a>\n        <\/div>\n\n    <\/div>\n<p>Model de declaraci\u00f3 d'estar al corrent en el pagament de les obligacions tribut\u00e0ries municipals<\/p>\n\n<\/div>\n<style>.well.c2a1 .btn.wpdm-download-link{ padding: 11px 30px;font-size: 11pt; } .well.c2a1 .media-body{ font-size: 11pt; }<\/style><\/div><div class='col-lg-12 col-md-6 col-12'><div class=\"well c2a1\">\n    <div class=\"media\">\n\n\n        <div class=\"media-body\">\n          <h3 class=\"media-heading\" style=\"padding-top: 0px;border:0px;margin: 0 0 5px 0;font-size:12pt;\"><img decoding=\"async\" class=\"wpdm_icon\" alt=\"Icono\" src=\"https:\/\/valencia.consellagrari.com\/wp-content\/plugins\/download-manager\/assets\/file-type-icons\/pdf.svg\" \/><a style=\"font-weight: 700\" href=\"https:\/\/valencia.consellagrari.com\/es\/download\/anexo-ii\/?wpdmdl=7820&refresh=69ef4330136251777287984\">ANEXO II<\/a> <span style=\"margin-left:30px;font-size:8pt;font-weight:300\"><i style=\"margin: 2px 0 0 5px;opacity:0.5\" class=\"fa fa-th-large\"><\/i> 125.80 KB <\/span><\/h3>\n        <\/div>\n\n        <div class=\"ml-3\" align=\"right\">\n            <a class='wpdm-download-link download-on-click btn btn-primary ' rel='nofollow' href='#' data-downloadurl=\"https:\/\/valencia.consellagrari.com\/es\/download\/anexo-ii\/?wpdmdl=7820&refresh=69ef4330136251777287984\">Descargar<\/a>\n        <\/div>\n\n    <\/div>\n<p>Modelo de solicitud autorizaci\u00f3n ocupaci\u00f3n soci\u00f3polis<\/p>\n\n<\/div>\n<style>.well.c2a1 .btn.wpdm-download-link{ padding: 11px 30px;font-size: 11pt; } .well.c2a1 .media-body{ font-size: 11pt; }<\/style><\/div><div class='col-lg-12 col-md-6 col-12'><div class=\"well c2a1\">\n    <div class=\"media\">\n\n\n        <div class=\"media-body\">\n          <h3 class=\"media-heading\" style=\"padding-top: 0px;border:0px;margin: 0 0 5px 0;font-size:12pt;\"><img decoding=\"async\" class=\"wpdm_icon\" alt=\"Icono\" src=\"https:\/\/valencia.consellagrari.com\/wp-content\/plugins\/download-manager\/assets\/file-type-icons\/pdf.svg\" \/><a style=\"font-weight: 700\" href=\"https:\/\/valencia.consellagrari.com\/es\/download\/resolucio-per-la-qual-es-convoquen-per-a-lany-2017-i-es-publiquen-les-linies-pressupostaries-i-els-imports-globals-maxims-de-les-ajudes-a-les-organitzacions-professionals-agraries\/?wpdmdl=7819&refresh=69ef4330227a01777287984\">RESOLUCI\u00d3N por la cual se convocan para el a\u00f1o 2017 y se publican las l\u00edneas presupuestarias y los importes globales m\u00e1ximos de las ayudas a las organizaciones profesionales agrarias.<\/a> <span style=\"margin-left:30px;font-size:8pt;font-weight:300\"><i style=\"margin: 2px 0 0 5px;opacity:0.5\" class=\"fa fa-th-large\"><\/i> 203.00 KB <\/span><\/h3>\n        <\/div>\n\n        <div class=\"ml-3\" align=\"right\">\n            <a class='wpdm-download-link download-on-click btn btn-primary ' rel='nofollow' href='#' data-downloadurl=\"https:\/\/valencia.consellagrari.com\/es\/download\/resolucio-per-la-qual-es-convoquen-per-a-lany-2017-i-es-publiquen-les-linies-pressupostaries-i-els-imports-globals-maxims-de-les-ajudes-a-les-organitzacions-professionals-agraries\/?wpdmdl=7819&refresh=69ef4330227a01777287984\">Descargar<\/a>\n        <\/div>\n\n    <\/div>\n\n<\/div>\n<style>.well.c2a1 .btn.wpdm-download-link{ padding: 11px 30px;font-size: 11pt; } .well.c2a1 .media-body{ font-size: 11pt; }<\/style><\/div><div class='col-lg-12 col-md-6 col-12'><div class=\"well c2a1\">\n    <div class=\"media\">\n\n\n        <div class=\"media-body\">\n          <h3 class=\"media-heading\" style=\"padding-top: 0px;border:0px;margin: 0 0 5px 0;font-size:12pt;\"><img decoding=\"async\" class=\"wpdm_icon\" alt=\"Icono\" src=\"https:\/\/valencia.consellagrari.com\/wp-content\/plugins\/download-manager\/assets\/file-type-icons\/pdf.svg\" \/><a style=\"font-weight: 700\" href=\"https:\/\/valencia.consellagrari.com\/es\/download\/extracte-de-la-resolucio-de-4-de-maig-de-2017-de-la-conselleria-dagricultura-medi-ambient-canvi-climatic-i-desenvolupament-rural-per-la-qual-es-convoquen-per-a-lany-2017-les-ajud\/?wpdmdl=7816&refresh=69ef4330316c51777287984\">Extracto de la Resoluci\u00f3n de 4 de mayo de 2017, de la Conseller\u00eda de Agricultura, Medio Ambiente, Cambio Clim\u00e1tico y Desarrollo Rural, por la cual se convocan para el a\u00f1o 2017 las ayudas a las organizaciones profesionales agrarias.<\/a> <span style=\"margin-left:30px;font-size:8pt;font-weight:300\"><i style=\"margin: 2px 0 0 5px;opacity:0.5\" class=\"fa fa-th-large\"><\/i> 146.88 KB <\/span><\/h3>\n        <\/div>\n\n        <div class=\"ml-3\" align=\"right\">\n            <a class='wpdm-download-link download-on-click btn btn-primary ' rel='nofollow' href='#' data-downloadurl=\"https:\/\/valencia.consellagrari.com\/es\/download\/extracte-de-la-resolucio-de-4-de-maig-de-2017-de-la-conselleria-dagricultura-medi-ambient-canvi-climatic-i-desenvolupament-rural-per-la-qual-es-convoquen-per-a-lany-2017-les-ajud\/?wpdmdl=7816&refresh=69ef4330316c51777287984\">Descargar<\/a>\n        <\/div>\n\n    <\/div>\n\n<\/div>\n<style>.well.c2a1 .btn.wpdm-download-link{ padding: 11px 30px;font-size: 11pt; } .well.c2a1 .media-body{ font-size: 11pt; }<\/style><\/div><\/div>            <div style='clear:both'><\/div><div class='text-center'><ul class='pagination wpdm-pagination pagination-centered text-center'><li><span aria-current=\"page\" class=\"page-numbers current\">1<\/span><\/li><li><a data-container='#content_wpdm_package_1' class=\"page-numbers\" href=\"https:\/\/valencia.consellagrari.com\/es\/wp-json\/wp\/v2\/pages\/6726\/?cp=2\">2<\/a><\/li><li><a data-container='#content_wpdm_package_1' class=\"next page-numbers\" href=\"https:\/\/valencia.consellagrari.com\/es\/wp-json\/wp\/v2\/pages\/6726\/?cp=2\"> <i style=\"display: inline-block;width: 8px;height: 8px;border-right: 2px solid;border-top: 2px solid;transform: rotate(45deg);margin-left: -2px;margin-top: -2px;\"><\/i> <\/a><\/li><\/ul><\/div><div style='clear:both'><\/div>        <\/div>\n\n        <div style='clear:both'><\/div>\n    <\/div>\n<\/div>\n\n","protected":false},"excerpt":{"rendered":"<p>Ordenar por: Fecha de publicaci\u00f3n T\u00edtulo Fecha de actualizaci\u00f3n Descargas Visitas Orden: Descendente Ascendente Aplicar el filtro Derecho Foral Valenciano 333.84 KB Descargar LEY 3\/2013, de 26 de julio, de la Generalitat, de los Contratos y otras Relaciones Jur\u00eddicas Agrarias Comunicaci\u00f3n previa de aportaci\u00f3n de abono org\u00e1nico 1.06 MB Descargar Modelo de instancia para la&hellip;<\/p>\n","protected":false},"author":7,"featured_media":0,"parent":7835,"menu_order":0,"comment_status":"closed","ping_status":"closed","template":"","meta":{"footnotes":""},"_links":{"self":[{"href":"https:\/\/valencia.consellagrari.com\/es\/wp-json\/wp\/v2\/pages\/6726"}],"collection":[{"href":"https:\/\/valencia.consellagrari.com\/es\/wp-json\/wp\/v2\/pages"}],"about":[{"href":"https:\/\/valencia.consellagrari.com\/es\/wp-json\/wp\/v2\/types\/page"}],"author":[{"embeddable":true,"href":"https:\/\/valencia.consellagrari.com\/es\/wp-json\/wp\/v2\/users\/7"}],"replies":[{"embeddable":true,"href":"https:\/\/valencia.consellagrari.com\/es\/wp-json\/wp\/v2\/comments?post=6726"}],"version-history":[{"count":0,"href":"https:\/\/valencia.consellagrari.com\/es\/wp-json\/wp\/v2\/pages\/6726\/revisions"}],"up":[{"embeddable":true,"href":"https:\/\/valencia.consellagrari.com\/es\/wp-json\/wp\/v2\/pages\/7835"}],"wp:attachment":[{"href":"https:\/\/valencia.consellagrari.com\/es\/wp-json\/wp\/v2\/media?parent=6726"}],"curies":[{"name":"wp","href":"https:\/\/api.w.org\/{rel}","templated":true}]}}