{"id":6744,"date":"2019-07-04T10:17:47","date_gmt":"2019-07-04T08:17:47","guid":{"rendered":"https:\/\/dev.consellagrari.com\/classificacio-de-vies-pecuaries\/"},"modified":"2022-02-22T11:52:21","modified_gmt":"2022-02-22T10:52:21","slug":"classificacio-de-vies-pecuaries","status":"publish","type":"page","link":"https:\/\/valencia.consellagrari.com\/es\/servicios\/servicios-agrarios\/classificacio-de-vies-pecuaries\/","title":{"rendered":"Clasificaci\u00f3n de V\u00edas Pecuarias"},"content":{"rendered":"<div class=\"wpb-content-wrapper\"><p>[vc_row el_class=\u00bbpage-center\u00bb][vc_column][vc_column_text]<\/p>\n<div class=\"hijoizqda\">\n<div class=\"control\">\n<p>La Junta de Gobierno Local de 19 de octubre de 2018 acord\u00f3:<\/p>\n<p>\u00abPedir a la Conseller\u00eda de Agricultura, Medio Ambiente, Cambio Clim\u00e1tico y Desarrollo Rural la reanudaci\u00f3n de los tr\u00e1mites para la clasificaci\u00f3n formal de la red de v\u00edas pecuarias en el t\u00e9rmino municipal de Val\u00e8ncia.\u00bb<\/p>\n<p>Se han comenzado los trabajos previos para llevar adelante la clasificaci\u00f3n los cuales consisten en informar al sector y pedir su colaboraci\u00f3n y opini\u00f3n sobre la informaci\u00f3n de partida de la cual se dispone.<\/p>\n<p>Pod\u00e9is consultar los planos de la informaci\u00f3n de la cual se dispone en el <a href=\"https:\/\/www.dropbox.com\/sh\/2k2s5srqlvdihgr\/AADJiVigreqzcxmz_-dJ5Poha?dl=0\" target=\"_blank\" rel=\"noopener noreferrer\">siguiente enlace<\/a> y tambi\u00e9n, f\u00edsicamente, en la sede del Consell Agrari Municipal y en las Alcald\u00edas ped\u00e1neas.<\/p>\n<p>Este procedimiento constar\u00e1 de las siguientes <strong>FASES<\/strong>:<\/p>\n<ul>\n<li>1.\u00aa Esta primera fase, en la cual estamos ahora, se denomina <strong>TRABAJOS PREVIOS<\/strong> que consiste a recopilar toda la informaci\u00f3n que se pueda aportar para elaborar un primer borrador de las v\u00edas pecuarias de Val\u00e8ncia. Este primer periodo es solo de recopilaci\u00f3n de informaci\u00f3n, no hay fase de alegaciones.<\/li>\n<li>2.\u00aa Una vez se tenga el primer <strong>BORRADOR<\/strong> se iniciar\u00e1 formalmente, por parte de Conseller\u00eda el Expediente de Clasificaci\u00f3n. Se publicar\u00e1 en <strong>DOGV<\/strong> y se notificar\u00e1 el comienzo de operaciones y se har\u00e1 una reuni\u00f3n con los organismos, afectados etc&#8230;. y se expondr\u00e1 el primer borrador de v\u00edas pecuarias, donde se podr\u00e1 alegar el que se crea conveniente de manera formal.<\/li>\n<li>3.\u00aa Despu\u00e9s del comienzo de operaciones, se elaborar\u00e1 una <strong>PROPOSICI\u00d3N DE CLASIFICACI\u00d3N<\/strong> donde se reflejar\u00e1 como quedar\u00e1n definitivamente las v\u00edas pecuarias.<\/li>\n<li>4.\u00aa La <strong>PROPOSICI\u00d3N DE CLASIFICACI\u00d3N<\/strong> es la que se <strong>EXPONDR\u00c1 AL P\u00daBLIC<\/strong> porque se alegue nuevamente el que crean conveniente. Se publicar\u00e1 en el <strong>DOGV<\/strong> y se notificar\u00e1 nuevamente.<\/li>\n<li>5.\u00aa Si hay alegaciones se contestar\u00e1n.<\/li>\n<li>6.\u00aa Finalmente se aprobar\u00e1 el expediente.<\/li>\n<\/ul>\n<p>Algunos enlaces de inter\u00e9s:<\/p>\n<p>Conseller\u00eda: <a href=\"http:\/\/www.agroambient.gva.es\/es\/web\/medio-natural\/vias-pecuarias\" target=\"_blank\" rel=\"noopener noreferrer\">http:\/\/www.agroambient.gva.es\/es\/web\/medio-natural\/vias-pecuarias<\/a><\/p>\n<p>Ministerio:<a href=\"https:\/\/www.miteco.gob.es\/es\/biodiversidad\/temas\/politica-forestal\/vias-pecuarias\/rvp_fondo_documental.aspx\" target=\"_blank\" rel=\"noopener noreferrer\">https:\/\/www.miteco.gob.es\/es\/biodiversidad\/temas\/politica-forestal\/vias-pecuarias\/rvp_fondo_documental.aspx<\/a><\/p>\n<\/div>\n<\/div>\n<p>[\/vc_column_text][\/vc_column][\/vc_row]<\/p>\n<\/div>","protected":false},"excerpt":{"rendered":"<p>[vc_row el_class=\u00bbpage-center\u00bb][vc_column][vc_column_text] La Junta de Gobierno Local de 19 de octubre de 2018 acord\u00f3: \u00abPedir a la Conseller\u00eda de Agricultura, Medio Ambiente, Cambio Clim\u00e1tico y Desarrollo Rural la reanudaci\u00f3n de los tr\u00e1mites para la clasificaci\u00f3n formal de la red de v\u00edas pecuarias en el t\u00e9rmino municipal de Val\u00e8ncia.\u00bb Se han comenzado los trabajos previos para&hellip;<\/p>\n","protected":false},"author":7,"featured_media":6403,"parent":6760,"menu_order":0,"comment_status":"closed","ping_status":"closed","template":"","meta":{"footnotes":""},"_links":{"self":[{"href":"https:\/\/valencia.consellagrari.com\/es\/wp-json\/wp\/v2\/pages\/6744"}],"collection":[{"href":"https:\/\/valencia.consellagrari.com\/es\/wp-json\/wp\/v2\/pages"}],"about":[{"href":"https:\/\/valencia.consellagrari.com\/es\/wp-json\/wp\/v2\/types\/page"}],"author":[{"embeddable":true,"href":"https:\/\/valencia.consellagrari.com\/es\/wp-json\/wp\/v2\/users\/7"}],"replies":[{"embeddable":true,"href":"https:\/\/valencia.consellagrari.com\/es\/wp-json\/wp\/v2\/comments?post=6744"}],"version-history":[{"count":0,"href":"https:\/\/valencia.consellagrari.com\/es\/wp-json\/wp\/v2\/pages\/6744\/revisions"}],"up":[{"embeddable":true,"href":"https:\/\/valencia.consellagrari.com\/es\/wp-json\/wp\/v2\/pages\/6760"}],"wp:featuredmedia":[{"embeddable":true,"href":"https:\/\/valencia.consellagrari.com\/es\/wp-json\/wp\/v2\/media\/6403"}],"wp:attachment":[{"href":"https:\/\/valencia.consellagrari.com\/es\/wp-json\/wp\/v2\/media?parent=6744"}],"curies":[{"name":"wp","href":"https:\/\/api.w.org\/{rel}","templated":true}]}}