{"id":6780,"date":"2016-10-17T17:05:40","date_gmt":"2016-10-17T15:05:40","guid":{"rendered":"https:\/\/dev.consellagrari.com\/inici-3\/"},"modified":"2024-04-23T13:58:24","modified_gmt":"2024-04-23T11:58:24","slug":"inici-3","status":"publish","type":"page","link":"https:\/\/valencia.consellagrari.com\/es\/","title":{"rendered":"Inicio"},"content":{"rendered":"<div class=\"wpb-content-wrapper\"><p>[vc_section full_width=\u00bbstretch_row\u00bb css=\u00bb.vc_custom_1675248416171{background-color: #f6f6f6 !important;background-position: 0 0 !important;background-repeat: no-repeat !important;}\u00bb][vc_row css=\u00bb.vc_custom_1697617384616{padding-bottom: 40px !important;}\u00bb][vc_column width=\u00bb1\/4&#8243;][vc_single_image image=\u00bb7526&#8243; img_size=\u00bbfull\u00bb alignment=\u00bbright\u00bb image_hovers=\u00bbfalse\u00bb][\/vc_column][vc_column width=\u00bb1\/2&#8243; css=\u00bb.vc_custom_1675248064284{background-position: 0 0 !important;background-repeat: no-repeat !important;}\u00bb]<div id=\"ultimate-heading-933369f0da616a0ca\" class=\"uvc-heading ult-adjust-bottom-margin ultimate-heading-933369f0da616a0ca uvc-9768 \" data-hspacer=\"line_only\"  data-halign=\"left\" style=\"text-align:left\"><div class=\"uvc-main-heading ult-responsive\"  data-ultimate-target='.uvc-heading.ultimate-heading-933369f0da616a0ca h2'  data-responsive-json-new='{\"font-size\":\"desktop:20px;\",\"line-height\":\"\"}' ><h2 style=\"--font-weight:theme;\">Anuncio de convocatoria de los Premios \u201cSan Isidro Labrador 2024\u201d<\/h2><\/div><div class=\"uvc-heading-spacer line_only\" style=\"margin-top:20px;margin-bottom:20px;height:1px;\"><span class=\"uvc-headings-line\" style=\"border-style:solid;border-bottom-width:1px;border-color:#ccc;width:autopx;\"><\/span><\/div><div class=\"uvc-sub-heading ult-responsive\"  data-ultimate-target='.uvc-heading.ultimate-heading-933369f0da616a0ca .uvc-sub-heading '  data-responsive-json-new='{\"font-size\":\"\",\"line-height\":\"\"}'  style=\"font-weight:normal;\">La Junta de Gobierno Local del Excmo. Ayuntamiento de Val\u00e8ncia, en sesi\u00f3n ordinaria celebrada el d\u00eda 19 de abril de 2024, acord\u00f3, la aprobaci\u00f3n de las Bases Reguladoras de los \u201c<strong>Premios \u2018San Isidro Labrador 2024\u2019 a las pr\u00e1cticas ejemplares de emprendimiento en agricultura, ganader\u00eda o pesca\u201d,<\/strong> realizados a trav\u00e9s del Servicio Emprendimiento del Ayuntamiento de Val\u00e8ncia.<\/p>\n<p style=\"text-align: left;\"><a href=\"https:\/\/valencia.consellagrari.com\/es\/anuncio\/premios-san-isidro-labrador-2024-a-las-practicas-ejemplares-de-emprendimiento-en-agricultura-ganaderia-o-pesca\/\"><strong>M\u00e1s informaci\u00f3n<i class=\"fa-solid fa-chevron-right\"><\/i><\/strong><\/a><\/p>\n<p><\/div><\/div>[\/vc_column][vc_column width=\u00bb1\/4&#8243;][\/vc_column][\/vc_row][\/vc_section][vc_section full_width=\u00bbstretch_row\u00bb css=\u00bb.vc_custom_1675248416171{background-color: #f6f6f6 !important;background-position: 0 0 !important;background-repeat: no-repeat !important;}\u00bb][vc_row css=\u00bb.vc_custom_1697617384616{padding-bottom: 40px !important;}\u00bb][vc_column width=\u00bb1\/4&#8243;][vc_single_image image=\u00bb7526&#8243; img_size=\u00bbfull\u00bb alignment=\u00bbright\u00bb image_hovers=\u00bbfalse\u00bb][\/vc_column][vc_column width=\u00bb1\/2&#8243; css=\u00bb.vc_custom_1675248064284{background-position: 0 0 !important;background-repeat: no-repeat !important;}\u00bb]<div id=\"ultimate-heading-114869f0da616a177\" class=\"uvc-heading ult-adjust-bottom-margin ultimate-heading-114869f0da616a177 uvc-8014 \" data-hspacer=\"line_only\"  data-halign=\"left\" style=\"text-align:left\"><div class=\"uvc-main-heading ult-responsive\"  data-ultimate-target='.uvc-heading.ultimate-heading-114869f0da616a177 h2'  data-responsive-json-new='{\"font-size\":\"desktop:20px;\",\"line-height\":\"\"}' ><h2 style=\"--font-weight:theme;\">Anuncio de convocatoria de \u201cSubvenci\u00f3n municipal Emprende y Cultiva\u201d<\/h2><\/div><div class=\"uvc-heading-spacer line_only\" style=\"margin-top:20px;margin-bottom:20px;height:1px;\"><span class=\"uvc-headings-line\" style=\"border-style:solid;border-bottom-width:1px;border-color:#ccc;width:autopx;\"><\/span><\/div><div class=\"uvc-sub-heading ult-responsive\"  data-ultimate-target='.uvc-heading.ultimate-heading-114869f0da616a177 .uvc-sub-heading '  data-responsive-json-new='{\"font-size\":\"\",\"line-height\":\"\"}'  style=\"font-weight:normal;\"><\/p>\n<p align=\"JUSTIFY\">Con fecha 15 de abril de 2024 ha sido publicada en el Bolet\u00edn Oficial de la Provincia de Val\u00e8ncia (BOP) la\u00a0<b>\u201cConvocatoria de subvenci\u00f3n municipal Emprende y Cultiva\u201d<\/b>\u00a0del Ayuntamiento de Val\u00e8ncia, dirigida a personas f\u00edsicas o jur\u00eddicas, comunidades de bienes, sociedades civiles u otras entidades econ\u00f3micas sin personalidad jur\u00eddica, que cumplan los requisitos establecidos en el apartado 4 de la Bases Reguladoras de la convocatoria.<\/p>\n<p style=\"text-align: left;\"><a href=\"https:\/\/valencia.consellagrari.com\/es\/anuncio\/anuncio-de-convocatoria-de-subvencion-municipal-emprende-y-cultiva\/\"><strong>M\u00e1s informaci\u00f3n<i class=\"fa-solid fa-chevron-right\"><\/i><\/strong><\/a><\/p>\n<p><\/div><\/div>[\/vc_column][vc_column width=\u00bb1\/4&#8243;][\/vc_column][\/vc_row][\/vc_section][vc_section full_width=\u00bbstretch_row\u00bb parallax=\u00bbcontent-moving\u00bb parallax_image=\u00bb7539&#8243; el_id=\u00bbsection01&#8243; css=\u00bb.vc_custom_1669807217076{padding-top: 100px !important;padding-bottom: 100px !important;background-position: center !important;background-repeat: no-repeat !important;background-size: cover !important;}\u00bb][vc_row][vc_column width=\u00bb1\/4&#8243;][vc_cta h2=\u00bbQui\u00e9nes somos\u00bb h2_font_container=\u00bbtag:h3|text_align:center|color:%23ffffff\u00bb h2_use_theme_fonts=\u00bbyes\u00bb h4=\u00bbConsell Agrari de Val\u00e8ncia: Organismo aut\u00f3nomo municipal&#8230;\u00bb txt_align=\u00bbcenter\u00bb shape=\u00bbsquare\u00bb style=\u00bbcustom\u00bb add_button=\u00bbbottom\u00bb btn_title=\u00bbLeer\u00bb btn_style=\u00bbflat\u00bb btn_shape=\u00bbround\u00bb btn_color=\u00bbblack\u00bb btn_size=\u00bblg\u00bb btn_align=\u00bbcenter\u00bb use_custom_fonts_h2=\u00bbtrue\u00bb btn_button_block=\u00bbtrue\u00bb custom_background=\u00bb#8ac640&#8243; custom_text=\u00bb#ffffff\u00bb btn_link=\u00bburl:https%3A%2F%2Fvalencia.consellagrari.com%2Fes%2Fquienes-somos%2F|title:Qui%C3%A9nes%20somos\u00bb]<img loading=\"lazy\" decoding=\"async\" class=\"aligncenter size-full wp-image-7256\" src=\"https:\/\/valencia.consellagrari.com\/wp-content\/uploads\/2021\/12\/team.png\" alt=\"\" width=\"64\" height=\"64\" \/>[\/vc_cta][\/vc_column][vc_column width=\u00bb1\/4&#8243;][vc_cta h2=\u00bbInfraestructuras\u00bb h2_font_container=\u00bbtag:h3|text_align:center|color:%23ffffff\u00bb h2_use_theme_fonts=\u00bbyes\u00bb h4=\u00bbCaminos y v\u00edas rurales de uso agrario\u00bb txt_align=\u00bbcenter\u00bb shape=\u00bbsquare\u00bb style=\u00bbcustom\u00bb add_button=\u00bbbottom\u00bb btn_title=\u00bbLeer\u00bb btn_style=\u00bbflat\u00bb btn_shape=\u00bbround\u00bb btn_color=\u00bbblack\u00bb btn_size=\u00bblg\u00bb btn_align=\u00bbcenter\u00bb use_custom_fonts_h2=\u00bbtrue\u00bb btn_button_block=\u00bbtrue\u00bb custom_background=\u00bb#46acc2&#8243; custom_text=\u00bb#ffffff\u00bb btn_link=\u00bburl:https%3A%2F%2Fvalencia.consellagrari.com%2Fes%2Fservicios%2Fservicios-agrarios%2Finfraestructuras-caminos-via-rurales-uso-agrario%2F|title:Infraestructuras\u00bb]<img loading=\"lazy\" decoding=\"async\" class=\"aligncenter wp-image-7254 size-full\" src=\"https:\/\/valencia.consellagrari.com\/wp-content\/uploads\/2021\/12\/tractor.png\" alt=\"\" width=\"64\" height=\"64\" \/>[\/vc_cta][\/vc_column][vc_column width=\u00bb1\/4&#8243;][vc_cta h2=\u00bbServicios agrarios\u00bb h2_font_container=\u00bbtag:h3|text_align:center|color:%23ffffff\u00bb h2_use_theme_fonts=\u00bbyes\u00bb h4=\u00bbGuarder\u00eda rural, fuegos y quemas, clasificaci\u00f3n de v\u00edas pecuarias&#8230;\u00bb txt_align=\u00bbcenter\u00bb shape=\u00bbsquare\u00bb style=\u00bbcustom\u00bb add_button=\u00bbbottom\u00bb btn_title=\u00bbLeer\u00bb btn_style=\u00bbflat\u00bb btn_shape=\u00bbround\u00bb btn_color=\u00bbblack\u00bb btn_size=\u00bblg\u00bb btn_align=\u00bbcenter\u00bb use_custom_fonts_h2=\u00bbtrue\u00bb btn_button_block=\u00bbtrue\u00bb custom_background=\u00bb#9aacb0&#8243; custom_text=\u00bb#ffffff\u00bb btn_link=\u00bburl:https%3A%2F%2Fvalencia.consellagrari.com%2Fes%2Fservicios%2Fservicios-agrarios%2F|title:Servicios%20agrarios\u00bb]<img loading=\"lazy\" decoding=\"async\" class=\"aligncenter wp-image-7258 size-full\" src=\"https:\/\/valencia.consellagrari.com\/wp-content\/uploads\/2021\/12\/schedule1.png\" alt=\"\" width=\"64\" height=\"64\" \/>[\/vc_cta][\/vc_column][vc_column width=\u00bb1\/4&#8243;][vc_cta h2=\u00bbOtros servicios\u00bb h2_font_container=\u00bbtag:h3|text_align:center|color:%23ffffff\u00bb h2_use_theme_fonts=\u00bbyes\u00bb h4=\u00bbT\u00e9cnicos-Agrarios, Administrativos, Jur\u00eddicos y Organizativos\u00bb txt_align=\u00bbcenter\u00bb shape=\u00bbsquare\u00bb style=\u00bbcustom\u00bb add_button=\u00bbbottom\u00bb btn_title=\u00bbLeer\u00bb btn_style=\u00bbflat\u00bb btn_shape=\u00bbround\u00bb btn_color=\u00bbblack\u00bb btn_size=\u00bblg\u00bb btn_align=\u00bbcenter\u00bb use_custom_fonts_h2=\u00bbtrue\u00bb btn_button_block=\u00bbtrue\u00bb custom_background=\u00bb#875d39&#8243; custom_text=\u00bb#ffffff\u00bb btn_link=\u00bburl:https%3A%2F%2Fvalencia.consellagrari.com%2Fes%2Fservicios%2Fservicios-tecnicos-agrarios-administrativos-juridicos-organizativos%2F|title:Otros%20servicios\u00bb]<img loading=\"lazy\" decoding=\"async\" class=\"aligncenter wp-image-7260 size-full\" src=\"https:\/\/valencia.consellagrari.com\/wp-content\/uploads\/2021\/12\/backlink.png\" alt=\"\" width=\"64\" height=\"64\" \/>[\/vc_cta][\/vc_column][\/vc_row][\/vc_section][vc_section full_width=\u00bbstretch_row\u00bb css=\u00bb.vc_custom_1638348558969{padding-top: 80px !important;padding-bottom: 80px !important;background-color: #f7f7f7 !important;}\u00bb][vc_row css_animation=\u00bbfadeIn\u00bb][vc_column width=\u00bb1\/2&#8243;][vc_single_image image=\u00bb7735&#8243; img_size=\u00bbfull\u00bb alignment=\u00bbcenter\u00bb style=\u00bbvc_box_shadow\u00bb onclick=\u00bbcustom_link\u00bb img_link_target=\u00bb_blank\u00bb link=\u00bbhttps:\/\/www.valencia.es\/cas\/buscador?p_p_id=BuscadorGeneral_INSTANCE_dPNhfLdl3gyX&amp;p_p_lifecycle=0&amp;p_p_state=maximized&amp;p_p_mode=view&amp;_BuscadorGeneral_INSTANCE_dPNhfLdl3gyX_jspPage=%2Fvista.jsp&amp;_BuscadorGeneral_INSTANCE_dPNhfLdl3gyX_artId=15069141&#8243;][vc_single_image image=\u00bb6457&#8243; img_size=\u00bbfull\u00bb alignment=\u00bbcenter\u00bb style=\u00bbvc_box_shadow\u00bb onclick=\u00bbcustom_link\u00bb img_link_target=\u00bb_blank\u00bb rel_no_follow=\u00bbtrue\u00bb link=\u00bbhttps:\/\/contrataciondelestado.es\/wps\/poc?uri=deeplink%3AperfilContratante&amp;idBp=nIinG6dKajgQK2TEfXGy%2BA%3D%3D\u00bb][vc_single_image image=\u00bb7645&#8243; img_size=\u00bbfull\u00bb alignment=\u00bbcenter\u00bb style=\u00bbvc_box_shadow\u00bb onclick=\u00bbcustom_link\u00bb img_link_target=\u00bb_blank\u00bb link=\u00bbhttps:\/\/valencia.consellagrari.com\/hortsurbanslatorre\/\u00bb][\/vc_column][vc_column width=\u00bb1\/2&#8243;][vc_single_image image=\u00bb8276&#8243; img_size=\u00bb574&#215;217&#8243; alignment=\u00bbcenter\u00bb style=\u00bbvc_box_shadow\u00bb onclick=\u00bbcustom_link\u00bb img_link_target=\u00bb_blank\u00bb link=\u00bbhttps:\/\/valencia.consellagrari.com\/wp-content\/uploads\/2022\/09\/17.-R3-Lista-provisional-admitidos-encriptada.pdf\u00bb][vc_single_image image=\u00bb6633&#8243; img_size=\u00bbfull\u00bb alignment=\u00bbcenter\u00bb style=\u00bbvc_box_shadow\u00bb onclick=\u00bbcustom_link\u00bb img_link_target=\u00bb_blank\u00bb link=\u00bbhttps:\/\/www.gva.es\/es\/inicio\/procedimientos?id_proc=17572&#8243;][vc_single_image image=\u00bb7181&#8243; img_size=\u00bbfull\u00bb alignment=\u00bbcenter\u00bb style=\u00bbvc_box_shadow\u00bb onclick=\u00bbcustom_link\u00bb link=\u00bbhttps:\/\/valencia.consellagrari.com\/banc-de-terres\u00bb][\/vc_column][\/vc_row][\/vc_section][vc_section parallax=\u00bbcontent-moving\u00bb parallax_image=\u00bb7539&#8243; css=\u00bb.vc_custom_1669807358428{padding-top: 100px !important;padding-bottom: 100px !important;}\u00bb][vc_row][vc_column width=\u00bb1\/4&#8243;][\/vc_column][vc_column width=\u00bb1\/2&#8243;][vc_cta h2=\u00bbHortalimentaci\u00f3 Val\u00e8ncia\u00bb h2_font_container=\u00bbtag:h2|text_align:center|color:%23000000&#8243; h2_use_theme_fonts=\u00bbyes\u00bb h4=\u00bbTodas las actividades, cursos y noticias relacionadas con la agricultura y la alimentaci\u00f3n en Val\u00e8ncia.\u00bb h4_font_container=\u00bbtag:h4|text_align:center|color:%23000000&#8243; h4_use_theme_fonts=\u00bbyes\u00bb txt_align=\u00bbcenter\u00bb shape=\u00bbsquare\u00bb style=\u00bbflat\u00bb color=\u00bbwhite\u00bb add_button=\u00bbbottom\u00bb btn_title=\u00bbIr a hortalimentaciovlc.org\u00bb btn_style=\u00bbflat\u00bb btn_shape=\u00bbround\u00bb btn_color=\u00bbblack\u00bb btn_size=\u00bblg\u00bb btn_align=\u00bbcenter\u00bb use_custom_fonts_h2=\u00bbtrue\u00bb use_custom_fonts_h4=\u00bbtrue\u00bb btn_button_block=\u00bbtrue\u00bb btn_link=\u00bburl:https%3A%2F%2Fhortalimentaciovlc.org|title:Ir%20a%20hortalimentaciovlc.org|target:_blank\u00bb]<img loading=\"lazy\" decoding=\"async\" class=\"aligncenter size-full wp-image-7546\" src=\"https:\/\/valencia.consellagrari.com\/wp-content\/uploads\/2021\/12\/LOGO-AV_600.png\" alt=\"\" width=\"600\" height=\"123\" \/>[\/vc_cta][\/vc_column][vc_column width=\u00bb1\/4&#8243;][\/vc_column][\/vc_row][\/vc_section][vc_section full_width=\u00bbstretch_row\u00bb css=\u00bb.vc_custom_1669805511475{padding-top: 100px !important;padding-bottom: 100px !important;background-color: #46acc2 !important;}\u00bb][vc_row css_animation=\u00bbnone\u00bb el_id=\u00bbmailchimp-front\u00bb][vc_column width=\u00bb1\/4&#8243;][\/vc_column][vc_column width=\u00bb1\/2&#8243;]<div id=\"ultimate-heading-60269f0da616a1fe\" class=\"uvc-heading ult-adjust-bottom-margin ultimate-heading-60269f0da616a1fe uvc-8111 \" data-hspacer=\"no_spacer\"  data-halign=\"center\" style=\"text-align:center\"><div class=\"uvc-heading-spacer no_spacer\" style=\"top\"><\/div><div class=\"uvc-main-heading ult-responsive\"  data-ultimate-target='.uvc-heading.ultimate-heading-60269f0da616a1fe h2'  data-responsive-json-new='{\"font-size\":\"desktop:40px;\",\"line-height\":\"\"}' ><h2 style=\"--font-weight:theme;color:#ffffff;margin-bottom:20px;\">\u00a1Suscr\u00edbete a nuestro bolet\u00edn!<\/h2><\/div><div class=\"uvc-sub-heading ult-responsive\"  data-ultimate-target='.uvc-heading.ultimate-heading-60269f0da616a1fe .uvc-sub-heading '  data-responsive-json-new='{\"font-size\":\"desktop:20px;\",\"line-height\":\"\"}'  style=\"font-weight:normal;color:#ffffff;margin-bottom:40px;\">\u00bfQuieres recibir informaci\u00f3n sobre Actividades, Noticias, Ayudas y Subvenciones?<\/div><\/div>[vc_column_text]<script>(function() {\n\twindow.mc4wp = window.mc4wp || {\n\t\tlisteners: [],\n\t\tforms: {\n\t\t\ton: function(evt, cb) {\n\t\t\t\twindow.mc4wp.listeners.push(\n\t\t\t\t\t{\n\t\t\t\t\t\tevent   : evt,\n\t\t\t\t\t\tcallback: cb\n\t\t\t\t\t}\n\t\t\t\t);\n\t\t\t}\n\t\t}\n\t}\n})();\n<\/script><!-- Mailchimp for WordPress v4.9.13 - https:\/\/wordpress.org\/plugins\/mailchimp-for-wp\/ --><form id=\"mc4wp-form-1\" class=\"mc4wp-form mc4wp-form-8474\" method=\"post\" data-id=\"8474\" data-name=\"\u00a1Suscr\u00edbete a nuestro bolet\u00edn!\" ><div class=\"mc4wp-form-fields\"><p>\r\n\t<input type=\"email\" name=\"EMAIL\" placeholder=\"Tu correo electr\u00f3nico\" required \/>\r\n<\/p>\r\n<p>\r\n    <label>\r\n        <input name=\"AGREE_TO_TERMS\" value=\"1\" required=\"\" type=\"checkbox\"> He le\u00eddo y acepto el <a href=\"https:\/\/valencia.consellagrari.com\/es\/texto-legal\/\" target=\"_blank\" rel=\"noopener\">Aviso Legal<\/a> y la <a href=\"https:\/\/valencia.consellagrari.com\/es\/clausula-informativa-para-recogida-de-datos\/\" target=\"_blank\" rel=\"noopener\">Cla\u00fasula informativa<\/a>\r\n    <\/label>\r\n<\/p>\r\n\r\n<p>\r\n\t<input type=\"submit\" value=\"Subscribirme\" \/>\r\n<\/p><\/div><label style=\"display: none !important;\">Deja vac\u00edo este campo si eres humano: <input type=\"text\" name=\"_mc4wp_honeypot\" value=\"\" tabindex=\"-1\" autocomplete=\"off\" \/><\/label><input type=\"hidden\" name=\"_mc4wp_timestamp\" value=\"1777392225\" \/><input type=\"hidden\" name=\"_mc4wp_form_id\" value=\"8474\" \/><input type=\"hidden\" name=\"_mc4wp_form_element_id\" value=\"mc4wp-form-1\" \/><div class=\"mc4wp-response\"><\/div><\/form><!-- \/ Mailchimp for WordPress Plugin -->[\/vc_column_text][\/vc_column][vc_column width=\u00bb1\/4&#8243;][\/vc_column][\/vc_row][\/vc_section]<\/p>\n<\/div>","protected":false},"excerpt":{"rendered":"<p>[vc_section full_width=\u00bbstretch_row\u00bb css=\u00bb.vc_custom_1675248416171{background-color: #f6f6f6 !important;background-position: 0 0 !important;background-repeat: no-repeat !important;}\u00bb][vc_row css=\u00bb.vc_custom_1697617384616{padding-bottom: 40px !important;}\u00bb][vc_column width=\u00bb1\/4&#8243;][vc_single_image image=\u00bb7526&#8243; img_size=\u00bbfull\u00bb alignment=\u00bbright\u00bb image_hovers=\u00bbfalse\u00bb][\/vc_column][vc_column width=\u00bb1\/2&#8243; css=\u00bb.vc_custom_1675248064284{background-position: 0 0 !important;background-repeat: no-repeat !important;}\u00bb][\/vc_column][vc_column width=\u00bb1\/4&#8243;][\/vc_column][\/vc_row][\/vc_section][vc_section full_width=\u00bbstretch_row\u00bb css=\u00bb.vc_custom_1675248416171{background-color: #f6f6f6 !important;background-position: 0 0 !important;background-repeat: no-repeat !important;}\u00bb][vc_row css=\u00bb.vc_custom_1697617384616{padding-bottom: 40px !important;}\u00bb][vc_column width=\u00bb1\/4&#8243;][vc_single_image image=\u00bb7526&#8243; img_size=\u00bbfull\u00bb alignment=\u00bbright\u00bb image_hovers=\u00bbfalse\u00bb][\/vc_column][vc_column width=\u00bb1\/2&#8243; css=\u00bb.vc_custom_1675248064284{background-position: 0 0 !important;background-repeat: no-repeat !important;}\u00bb][\/vc_column][vc_column width=\u00bb1\/4&#8243;][\/vc_column][\/vc_row][\/vc_section][vc_section full_width=\u00bbstretch_row\u00bb parallax=\u00bbcontent-moving\u00bb parallax_image=\u00bb7539&#8243; el_id=\u00bbsection01&#8243;&hellip;<\/p>\n","protected":false},"author":7,"featured_media":7554,"parent":0,"menu_order":0,"comment_status":"closed","ping_status":"closed","template":"","meta":{"footnotes":""},"_links":{"self":[{"href":"https:\/\/valencia.consellagrari.com\/es\/wp-json\/wp\/v2\/pages\/6780"}],"collection":[{"href":"https:\/\/valencia.consellagrari.com\/es\/wp-json\/wp\/v2\/pages"}],"about":[{"href":"https:\/\/valencia.consellagrari.com\/es\/wp-json\/wp\/v2\/types\/page"}],"author":[{"embeddable":true,"href":"https:\/\/valencia.consellagrari.com\/es\/wp-json\/wp\/v2\/users\/7"}],"replies":[{"embeddable":true,"href":"https:\/\/valencia.consellagrari.com\/es\/wp-json\/wp\/v2\/comments?post=6780"}],"version-history":[{"count":3,"href":"https:\/\/valencia.consellagrari.com\/es\/wp-json\/wp\/v2\/pages\/6780\/revisions"}],"predecessor-version":[{"id":9049,"href":"https:\/\/valencia.consellagrari.com\/es\/wp-json\/wp\/v2\/pages\/6780\/revisions\/9049"}],"wp:featuredmedia":[{"embeddable":true,"href":"https:\/\/valencia.consellagrari.com\/es\/wp-json\/wp\/v2\/media\/7554"}],"wp:attachment":[{"href":"https:\/\/valencia.consellagrari.com\/es\/wp-json\/wp\/v2\/media?parent=6780"}],"curies":[{"name":"wp","href":"https:\/\/api.w.org\/{rel}","templated":true}]}}