{"id":8316,"date":"2022-09-13T11:10:14","date_gmt":"2022-09-13T09:10:14","guid":{"rendered":"https:\/\/valencia.consellagrari.com\/mercats-de-lhorta-microsite\/"},"modified":"2023-01-30T09:30:44","modified_gmt":"2023-01-30T08:30:44","slug":"mercados-de-lhorta","status":"publish","type":"page","link":"https:\/\/valencia.consellagrari.com\/es\/venta-directa\/mercados-de-lhorta\/","title":{"rendered":"Mercados de l&#8217;Horta"},"content":{"rendered":"<div class=\"wpb-content-wrapper\"><p>[vc_section css_animation=\u00bbnone\u00bb el_id=\u00bbintro\u00bb css=\u00bb.vc_custom_1663326844828{padding-top: 100px !important;}\u00bb][vc_row equal_height=\u00bbyes\u00bb content_placement=\u00bbtop\u00bb css_animation=\u00bbfadeInDown\u00bb bg_type=\u00bbbg_color\u00bb bg_color_value=\u00bb#ffffff\u00bb css=\u00bb.vc_custom_1663326706691{margin-top: 100px !important;}\u00bb][vc_column width=\u00bb1\/4&#8243; offset=\u00bbvc_hidden-xs\u00bb][vc_single_image image=\u00bb8015&#8243; img_size=\u00bbmedium\u00bb alignment=\u00bbcenter\u00bb onclick=\u00bbcustom_link\u00bb image_hovers=\u00bbfalse\u00bb link=\u00bbhttps:\/\/valencia.consellagrari.com\/es\/venta-directa\/mercados-de-lhorta\/\u00bb][\/vc_column][vc_column width=\u00bb2\/4&#8243; offset=\u00bbvc_col-lg-8 vc_col-md-8 vc_col-xs-12&#8243;]<div id=\"ultimate-heading-81069f4ed6908f96\" class=\"uvc-heading ult-adjust-bottom-margin ultimate-heading-81069f4ed6908f96 uvc-640 \" data-hspacer=\"no_spacer\"  data-halign=\"left\" style=\"text-align:left\"><div class=\"uvc-heading-spacer no_spacer\" style=\"top\"><\/div><div class=\"uvc-sub-heading ult-responsive\"  data-ultimate-target='.uvc-heading.ultimate-heading-81069f4ed6908f96 .uvc-sub-heading '  data-responsive-json-new='{\"font-size\":\"desktop:16px;tablet:18px;tablet_portrait:18px;mobile_landscape:16px;mobile:16px;\",\"line-height\":\"desktop:22px;tablet:28px;tablet_portrait:28px;mobile_landscape:22px;mobile:22px;\"}'  style=\"font-weight:normal;\"><\/p>\n<div class=\"wpb_text_column wpb_content_element \">\n<div class=\"wpb_wrapper\">\n<p>En este apartado podr\u00e1 encontrar toda la informaci\u00f3n relativa a la <em>convocatoria para la concesi\u00f3n de autorizaciones y constituci\u00f3n de una bolsa para ejercer la venta no sedentaria en mercados de venta directa de tipolog\u00eda agroalimentaria<\/em> (de los descritos en la Disposici\u00f3n adicional Va de l \u2018Ordenanza Municipal Reguladora de la Venta No Sedentaria en la ciudad de Valencia).<\/p>\n<p>Encontrar\u00e1 <em>indicaciones sobre los criterios y procedimientos<\/em> para la presentaci\u00f3n y selecci\u00f3n de propuestas que quieran optar a una autorizaci\u00f3n, as\u00ed como la<em> creaci\u00f3n y funcionamiento de una bolsa \u00fanica<\/em> para el acceso a vacantes.<\/p>\n<p>Tambi\u00e9n encontrar\u00e1 <em>informaci\u00f3n sobre las normas t\u00e9cnicas de funcionamiento de los mercados<\/em>, as\u00ed como los \u00f3rganos de gobernanza.<\/p>\n<p>Se atiende, de forma espec\u00edfica, a la normativa de aplicaci\u00f3n sectorial para este tipo de actividades, de forma especial:<\/p>\n<ul>\n<li><a href=\"https:\/\/dogv.gva.es\/datos\/2018\/02\/20\/pdf\/2018_1589.pdf\" target=\"_blank\" rel=\"noopener\">El Decreto 201\/2017, del 15 de diciembre, del Consell<\/a>, por el que se regula la venta de proximidad de productos primarios y agroalimentarios.<\/li>\n<li><a href=\"https:\/\/dogv.gva.es\/datos\/2012\/04\/24\/pdf\/2012_3941.pdf\" target=\"_blank\" rel=\"noopener\">El Decreto 65\/2012 del 20 de abril del Consell<\/a> por el que se regula la venta no sedentaria en la Comunitat Valenciana.<\/li>\n<li><a href=\"https:\/\/sede.valencia.es\/sede\/descarga\/doc\/DOCUMENT_1_ORD0008_C\" target=\"_blank\" rel=\"noopener\">La Ordenanza Municipal Reguladora de la Venta No Sedentaria de Valencia, del 28 de febrero de 2019<\/a>.<\/li>\n<\/ul>\n<\/div>\n<\/div>\n<p><\/div><\/div>[vc_row_inner][vc_column_inner width=\u00bb1\/2&#8243; el_id=\u00bbbox-faqs7&#8243;]<div class=\"aio-icon-component   info-box-mercat style_2\"><a class=\"aio-icon-box-link\" href=\"#faqs7\" ><div id=\"Info-box-wrap-4833\" class=\"aio-icon-box square_box-icon\" style=\"border-color:#4bbc85;border-style:dashed;\" data-min-height='120px' ><div class=\"aio-icon-square_box\"><div class=\"ult-just-icon-wrapper  \"><div class=\"align-icon\" style=\"text-align:center;\">\n<div class=\"aio-icon circle \" data-animation=\"pulse\" data-animation-delay=\"03\" style=\"color:#ffffff;background:#4bbc85;font-size:32px;display:inline-block;\">\n\t<i class=\"icomoon-the7-font-the7-more-00\"><\/i>\n<\/div><\/div><\/div><\/div><div class=\"aio-icon-header\" ><h3 class=\"aio-icon-title ult-responsive\"  data-ultimate-target='#Info-box-wrap-4833 .aio-icon-title'  data-responsive-json-new='{\"font-size\":\"desktop:20px;\",\"line-height\":\"\"}'  style=\"color:#000000;\">\u00bfC\u00f3mo se pueden presentar las solicitudes?<\/h3><\/div> <!-- header --><\/div> <!-- aio-icon-box --><\/a><\/div> <!-- aio-icon-component -->[\/vc_column_inner][vc_column_inner width=\u00bb1\/2&#8243; el_id=\u00bbbox-faqs8&#8243;]<div class=\"aio-icon-component   info-box-mercat style_2\"><a class=\"aio-icon-box-link\" href=\"#faqs8\" ><div id=\"Info-box-wrap-2706\" class=\"aio-icon-box square_box-icon\" style=\"border-color:#4bbc85;border-style:dashed;\" data-min-height='120px' ><div class=\"aio-icon-square_box\"><div class=\"ult-just-icon-wrapper  \"><div class=\"align-icon\" style=\"text-align:center;\">\n<div class=\"aio-icon circle \" data-animation=\"pulse\" data-animation-delay=\"03\" style=\"color:#ffffff;background:#4bbc85;font-size:32px;display:inline-block;\">\n\t<i class=\"icomoon-the7-font-the7-comment-00\"><\/i>\n<\/div><\/div><\/div><\/div><div class=\"aio-icon-header\" ><h3 class=\"aio-icon-title ult-responsive\"  data-ultimate-target='#Info-box-wrap-2706 .aio-icon-title'  data-responsive-json-new='{\"font-size\":\"desktop:20px;\",\"line-height\":\"\"}'  style=\"color:#000000;\">\u00bfNecesitas resolver dudas y\/o recibir asesoramiento personalizado?<\/h3><\/div> <!-- header --><\/div> <!-- aio-icon-box --><\/a><\/div> <!-- aio-icon-component -->[\/vc_column_inner][\/vc_row_inner][\/vc_column][\/vc_row][vc_row equal_height=\u00bbyes\u00bb][vc_column css_animation=\u00bbfadeInLeft\u00bb width=\u00bb1\/2&#8243;][\/vc_column][vc_column css_animation=\u00bbfadeInRight\u00bb width=\u00bb1\/2&#8243;][\/vc_column][\/vc_row][\/vc_section][vc_section css_animation=\u00bbnone\u00bb el_id=\u00bbborsa\u00bb css=\u00bb.vc_custom_1667982988767{padding-top: 100px !important;padding-bottom: 100px !important;}\u00bb][vc_row css=\u00bb.vc_custom_1672070884237{margin-bottom: 30px !important;}\u00bb][vc_column][vc_icon icon_fontawesome=\u00bbfas fa-cogs\u00bb color=\u00bbcustom\u00bb size=\u00bbxl\u00bb align=\u00bbcenter\u00bb custom_color=\u00bb#4bbc85&#8243;]<div id=\"ultimate-heading-19669f4ed69092ff\" class=\"uvc-heading ult-adjust-bottom-margin ultimate-heading-19669f4ed69092ff uvc-7948 \" data-hspacer=\"no_spacer\"  data-halign=\"center\" style=\"text-align:center\"><div class=\"uvc-heading-spacer no_spacer\" style=\"top\"><\/div><div class=\"uvc-main-heading ult-responsive\"  data-ultimate-target='.uvc-heading.ultimate-heading-19669f4ed69092ff h2'  data-responsive-json-new='{\"font-size\":\"desktop:34px;tablet:34px;tablet_portrait:34px;mobile_landscape:20px;mobile:20px;\",\"line-height\":\"desktop:44px;tablet:44px;tablet_portrait:44px;mobile_landscape:32px;mobile:32px;\"}' ><h2 style=\"--font-weight:theme;margin-bottom:20px;\">Procedimiento de adjudicaci\u00f3n<\/h2><\/div><\/div>[vc_separator color=\u00bbcustom\u00bb border_width=\u00bb2&#8243; el_width=\u00bb30&#8243; accent_color=\u00bb#4bbc85&#8243;][\/vc_column][\/vc_row][vc_row el_id=\u00bbborsa-sollicituds-vacants\u00bb css=\u00bb.vc_custom_1674808190500{margin-top: 50px !important;margin-bottom: 50px !important;}\u00bb][vc_column]<div id=\"ultimate-heading-462269f4ed6909371\" class=\"uvc-heading ult-adjust-bottom-margin ultimate-heading-462269f4ed6909371 uvc-9298 \" data-hspacer=\"line_only\"  data-halign=\"center\" style=\"text-align:center\"><div class=\"uvc-main-heading ult-responsive\"  data-ultimate-target='.uvc-heading.ultimate-heading-462269f4ed6909371 h3'  data-responsive-json-new='{\"font-size\":\"desktop:34px;tablet:34px;tablet_portrait:34px;mobile_landscape:20px;mobile:20px;\",\"line-height\":\"desktop:44px;tablet:44px;tablet_portrait:44px;mobile_landscape:32px;mobile:32px;\"}' ><h3 style=\"--font-weight:theme;margin-bottom:20px;\">Bolsa de solicitudes para vacantes<\/h3><\/div><div class=\"uvc-heading-spacer line_only\" style=\"topheight:4px;\"><span class=\"uvc-headings-line\" style=\"border-style:solid;border-bottom-width:4px;border-color:#d6ffe5;width:100px;\"><\/span><\/div><div class=\"uvc-sub-heading ult-responsive\"  data-ultimate-target='.uvc-heading.ultimate-heading-462269f4ed6909371 .uvc-sub-heading '  data-responsive-json-new='{\"font-size\":\"\",\"line-height\":\"\"}'  style=\"font-weight:normal;\"><\/p>\n<h5>La bolsa para cubrir vacantes en los Mercats de l&#8217;Horta de Val\u00e8ncia est\u00e1 actualmente cerrada, se abrir\u00e1 para poder acoger nuevas propuestas de manera peri\u00f3dica.<\/h5>\n<h5>Si tienen inter\u00e9s en recibir un aviso en el momento que se abra, escriban un correo-e a la direcci\u00f3n: <a href=\"mailto:agroecologia@valencia.es\">agroecologia@valencia.es<\/a> y indiquen sus datos de contacto as\u00ed como las caracter\u00edsticas generales de su propuesta.<\/h5>\n<p><\/div><\/div>[vc_row_inner css=\u00bb.vc_custom_1667942890113{background-color: #d6ffe5 !important;}\u00bb][vc_column_inner]<div class=\"aio-icon-component    style_1\"><div id=\"Info-box-wrap-2946\" class=\"aio-icon-box default-icon\" style=\"\"  ><div class=\"aio-icon-default\"><div class=\"ult-just-icon-wrapper  \"><div class=\"align-icon\" style=\"text-align:center;\">\n<div class=\"aio-icon none \"  style=\"color:#4bbc85;font-size:32px;display:inline-block;\">\n\t<i class=\"dt-icon-the7-misc-006-2\"><\/i>\n<\/div><\/div><\/div><\/div><div class=\"aio-icon-header\" ><h3 class=\"aio-icon-title ult-responsive\"  data-ultimate-target='#Info-box-wrap-2946 .aio-icon-title'  data-responsive-json-new='{\"font-size\":\"\",\"line-height\":\"\"}'  style=\"text-decoration:underline;font-weight:bold;\">Bolsa de solicitudes para vacantes (27\/01\/2023)<\/h3><\/div> <!-- header --><div class=\"aio-icon-description ult-responsive\"  data-ultimate-target='#Info-box-wrap-2946 .aio-icon-description'  data-responsive-json-new='{\"font-size\":\"\",\"line-height\":\"\"}'  style=\"\"><a href=\"https:\/\/valencia.consellagrari.com\/wp-content\/uploads\/2023\/01\/Borsa-a-publicar.pdf\" target=\"_blank\" rel=\"noopener\"><strong>BOLSA: BAREMO Y TIPOLOG\u00cdA<\/strong><\/a><\/div> <!-- description --><\/div> <!-- aio-icon-box --><\/div> <!-- aio-icon-component -->[\/vc_column_inner][\/vc_row_inner][\/vc_column][\/vc_row][vc_row el_id=\u00bbllistes-sollicituds\u00bb css=\u00bb.vc_custom_1672074400170{margin-top: 30px !important;padding-bottom: 100px !important;}\u00bb][vc_column]<div id=\"ultimate-heading-314669f4ed69094e3\" class=\"uvc-heading ult-adjust-bottom-margin ultimate-heading-314669f4ed69094e3 uvc-487 \" data-hspacer=\"no_spacer\"  data-halign=\"center\" style=\"text-align:center\"><div class=\"uvc-heading-spacer no_spacer\" style=\"top\"><\/div><div class=\"uvc-main-heading ult-responsive\"  data-ultimate-target='.uvc-heading.ultimate-heading-314669f4ed69094e3 h3'  data-responsive-json-new='{\"font-size\":\"desktop:34px;tablet:34px;tablet_portrait:34px;mobile_landscape:20px;mobile:20px;\",\"line-height\":\"desktop:44px;tablet:44px;tablet_portrait:44px;mobile_landscape:32px;mobile:32px;\"}' ><h3 style=\"--font-weight:theme;margin-bottom:20px;\">Listas de solicitudes<\/h3><\/div><\/div>[vc_row_inner css=\u00bb.vc_custom_1667942890113{background-color: #d6ffe5 !important;}\u00bb][vc_column_inner]<div class=\"aio-icon-component    style_1\"><div id=\"Info-box-wrap-2244\" class=\"aio-icon-box default-icon\" style=\"\"  ><div class=\"aio-icon-default\"><div class=\"ult-just-icon-wrapper  \"><div class=\"align-icon\" style=\"text-align:center;\">\n<div class=\"aio-icon none \"  style=\"color:#4bbc85;font-size:32px;display:inline-block;\">\n\t<i class=\"dt-icon-the7-misc-006-2\"><\/i>\n<\/div><\/div><\/div><\/div><div class=\"aio-icon-header\" ><h3 class=\"aio-icon-title ult-responsive\"  data-ultimate-target='#Info-box-wrap-2244 .aio-icon-title'  data-responsive-json-new='{\"font-size\":\"\",\"line-height\":\"\"}'  style=\"text-decoration:underline;font-weight:bold;\">Lista definitiva candidaturas autorizadas de los cuatro mercados de venta no sedentaria (05\/12\/2022)<\/h3><\/div> <!-- header --><div class=\"aio-icon-description ult-responsive\"  data-ultimate-target='#Info-box-wrap-2244 .aio-icon-description'  data-responsive-json-new='{\"font-size\":\"\",\"line-height\":\"\"}'  style=\"\"><a href=\"https:\/\/valencia.consellagrari.com\/wp-content\/uploads\/2022\/12\/LLISTA-DEFINITIVA-DE-CANDIDATURES-AUTORITZADES-BAREMACIO-I-LLISTA-DEXCLOSES-DEFINITIVA.pdf\">Lista definitiva candidaturas autorizadas de los cuatro mercados de venta no sedentaria (05\/12\/2022)<\/a><\/div> <!-- description --><\/div> <!-- aio-icon-box --><\/div> <!-- aio-icon-component --><div class=\"aio-icon-component    style_1\"><div id=\"Info-box-wrap-4881\" class=\"aio-icon-box default-icon\" style=\"\"  ><div class=\"aio-icon-default\"><div class=\"ult-just-icon-wrapper  \"><div class=\"align-icon\" style=\"text-align:center;\">\n<div class=\"aio-icon none \"  style=\"color:#4bbc85;font-size:32px;display:inline-block;\">\n\t<i class=\"dt-icon-the7-misc-006-2\"><\/i>\n<\/div><\/div><\/div><\/div><div class=\"aio-icon-header\" ><h3 class=\"aio-icon-title ult-responsive\"  data-ultimate-target='#Info-box-wrap-4881 .aio-icon-title'  data-responsive-json-new='{\"font-size\":\"\",\"line-height\":\"\"}'  style=\"text-decoration:underline;font-weight:bold;\">Lista provisional de admitidas y excluidas (8\/11\/2022)<\/h3><\/div> <!-- header --><div class=\"aio-icon-description ult-responsive\"  data-ultimate-target='#Info-box-wrap-4881 .aio-icon-description'  data-responsive-json-new='{\"font-size\":\"\",\"line-height\":\"\"}'  style=\"\"><strong><a href=\"https:\/\/valencia.consellagrari.com\/wp-content\/uploads\/2022\/11\/EDICTE_llistat.zsig_.pdf\" target=\"_blank\" rel=\"noopener\">Lista provisional de solicitudes admitidas y provisionalmente excluidas de los cuatro mercados de venta no sedentaria de tipolog\u00eda agroalimentaria<\/a><\/strong><\/div> <!-- description --><\/div> <!-- aio-icon-box --><\/div> <!-- aio-icon-component -->[\/vc_column_inner][\/vc_row_inner][\/vc_column][\/vc_row][vc_row el_id=\u00bbadjudicacio-parades\u00bb css=\u00bb.vc_custom_1673440674529{margin-top: 50px !important;}\u00bb][vc_column width=\u00bb1\/4&#8243;][\/vc_column][vc_column width=\u00bb1\/2&#8243;]<div id=\"ultimate-heading-624369f4ed6909721\" class=\"uvc-heading ult-adjust-bottom-margin ultimate-heading-624369f4ed6909721 uvc-4473 \" data-hspacer=\"no_spacer\"  data-halign=\"center\" style=\"text-align:center\"><div class=\"uvc-heading-spacer no_spacer\" style=\"top\"><\/div><div class=\"uvc-main-heading ult-responsive\"  data-ultimate-target='.uvc-heading.ultimate-heading-624369f4ed6909721 h3'  data-responsive-json-new='{\"font-size\":\"desktop:34px;tablet:34px;tablet_portrait:34px;mobile_landscape:20px;mobile:20px;\",\"line-height\":\"desktop:44px;tablet:44px;tablet_portrait:44px;mobile_landscape:32px;mobile:32px;\"}' ><h3 style=\"--font-weight:theme;margin-bottom:20px;\">Paradas provisionalmente asignadas<\/h3><\/div><\/div>[\/vc_column][vc_column width=\u00bb1\/4&#8243;][\/vc_column][\/vc_row][vc_row][vc_column][vc_row_inner css=\u00bb.vc_custom_1667942890113{background-color: #d6ffe5 !important;}\u00bb][vc_column_inner]<div class=\"aio-icon-component    style_1\"><div id=\"Info-box-wrap-1302\" class=\"aio-icon-box default-icon\" style=\"\"  ><div class=\"aio-icon-default\"><div class=\"ult-just-icon-wrapper  \"><div class=\"align-icon\" style=\"text-align:center;\">\n<div class=\"aio-icon none \"  style=\"color:#4bbc85;font-size:32px;display:inline-block;\">\n\t<i class=\"dt-icon-the7-misc-006-2\"><\/i>\n<\/div><\/div><\/div><\/div><div class=\"aio-icon-header\" ><h3 class=\"aio-icon-title ult-responsive\"  data-ultimate-target='#Info-box-wrap-1302 .aio-icon-title'  data-responsive-json-new='{\"font-size\":\"\",\"line-height\":\"\"}'  style=\"text-decoration:underline;font-weight:bold;\">PUBLICACI\u00d3N DE EDICTO DE PARADAS PROVISIONALMENTE ASIGNADAS Y DOCUMENTACI\u00d3N QUE HAY QUE APORTAR EN EL PLAZO DE 15 D\u00cdAS H\u00c1BILES<\/h3><\/div> <!-- header --><div class=\"aio-icon-description ult-responsive\"  data-ultimate-target='#Info-box-wrap-1302 .aio-icon-description'  data-responsive-json-new='{\"font-size\":\"\",\"line-height\":\"\"}'  style=\"\">En el plazo de <strong>15 d\u00edas h\u00e1biles a partir del d\u00eda siguiente al de la publicaci\u00f3n de la lista de paradas provisionalmente asignadas en el Tabl\u00f3n de edictos del web municipal (<a href=\"https:\/\/sede.valencia.es\/sede\/edictos\/detalle\/429221770b0c8a0e82df9ac6b29733becbdcfbb620ad05580f480b0ceb9ee6b5\" target=\"_blank\" rel=\"noopener\">https:\/\/www.valencia.es\/cas\/tramites\/tablon-de-edictos<\/a>)<\/strong>, las personas f\u00edsicas y jur\u00eddicas que hayan resultado seleccionadas tienen que presentar instancia en el Registro General de Entrada, o a trav\u00e9s de la sede electr\u00f3nica municipal, acompa\u00f1ada de la documentaci\u00f3n siguiente:<\/p>\n<p>1. <strong>Identificaci\u00f3n de la persona o personas que ejercer\u00e1n la actividad<\/strong> en cada punto de venta:<\/p>\n<p style=\"padding-left: 40px;\">1.1) Las personas f\u00edsicas titulares de una autorizaci\u00f3n para la venta que deseen autorizar a otras personas (bien contratadas o familiares) como colaboradoras para ejercer la venta en las paradas, ser\u00e1n responsables de asegurar el cumplimiento, por parte de las personas colaboradoras de los mismos requisitos exigidos a la persona titular.<\/p>\n<p style=\"padding-left: 40px;\">1.2) En el supuesto de que la autorizaci\u00f3n sea a nombre de personas jur\u00eddicas, con una pluralidad de miembros, y se quiera designar a estos como autorizados para la venta, se indicar\u00e1 cada una de las personas autorizadas y se justificar\u00e1 documentalmente la pertenencia formal a la entidad.<\/p>\n<p>Para lo cual habr\u00e1 que completar, firmar y presentar lo (<a href=\"https:\/\/valencia.consellagrari.com\/wp-content\/uploads\/2022\/12\/Model_1_Autoritzacio_venda.odt\" target=\"_blank\" rel=\"noopener\"><b>MODELO 1<\/b><\/a>), y acompa\u00f1arlo de la documentaci\u00f3n correspondiente.<\/p>\n<p>Adem\u00e1s, se tendr\u00e1 que aportar para cada persona autorizada para atender la parada:<\/p>\n<ul>\n<li>La documentaci\u00f3n que acredite el cumplimiento de los requisitos generales que tienen que cumplir las personas propuestas para ejercer la venta en la parada en <strong>materia de formaci\u00f3n higi\u00e9nica y sanitaria<\/strong>.<\/li>\n<li>En el caso de designar personas contratadas: La documentaci\u00f3n que acredite la <strong>relaci\u00f3n laboral o legal<\/strong> que la relaciona con la persona f\u00edsica o jur\u00eddica adjudicataria.<\/li>\n<li>En el caso de autorizar personas colaboradoras familiares, para demostrar la relaci\u00f3n y grado de parentesco, se tiene que presentar el <strong>libro de familia<\/strong> que lo justifique.<\/li>\n<\/ul>\n<p>2. Otra documentaci\u00f3n que acredite el cumplimiento de los<strong> requisitos generales<\/strong>:<\/p>\n<p style=\"padding-left: 40px;\">2.1) Para las personas jur\u00eddicas, justificante de estar inscritas,<strong> cuando les corresponda<\/strong> (personas jur\u00eddicas con un volumen de negocio superior a 1 mill\u00f3n de euros), en el Censo de Actividades Econ\u00f3micas de la Agencia Tributaria en el ep\u00edgrafe o ep\u00edgrafes correspondientes y estar al corriente en el pago de la tarifa. Las personas que tengan la condici\u00f3n de productoras primarias est\u00e1n exentas de inscribirse en el Censo de Actividades Econ\u00f3micas de la Agencia Tributaria.<\/p>\n<p style=\"padding-left: 40px;\">2.2) Para las personas f\u00edsicas, estar inscritas en el r\u00e9gimen correspondiente de la<strong> Seguridad Social<\/strong> y estar al corriente en el pago de las cotizaciones en el r\u00e9gimen correspondiente. En el caso de las personas jur\u00eddicas se tiene que acreditar que cualquier persona que ejercer\u00e1 la actividad de venta est\u00e1 dada de alta en el R\u00e9gimen General de la Seguridad Social, salvo que en conformidad con lo dispuesto en la legislaci\u00f3n espec\u00edfica, la persona pueda estar incluida en el r\u00e9gimen especial de trabajadores aut\u00f3nomos.<\/p>\n<p style=\"padding-left: 40px;\">2.3) Las personas extranjeras de pa\u00edses que no sean miembros de la Uni\u00f3n Europea, tienen que estar en posesi\u00f3n de los correspondientes <strong>permisos de residencia y de trabajo<\/strong> por cuenta propia o ajena, con vigencia durante el tiempo que comprenda la autorizaci\u00f3n, as\u00ed como acreditar el cumplimiento del resto de requisitos vigentes que est\u00e9n aplicables.<\/p>\n<p style=\"padding-left: 40px;\">2.4) Disponer de unas instalaciones acordes a las caracter\u00edsticas se\u00f1aladas en esta convocatoria (<a href=\"https:\/\/valencia.consellagrari.com\/wp-content\/uploads\/2022\/12\/Model_2_Installacions.odt\" target=\"_blank\" rel=\"noopener\"><b>MODELO 2<\/b><\/a>).<\/p>\n<p style=\"padding-left: 40px;\">2.5) Subscribir un <strong>seguro de responsabilidad civil<\/strong>, tal y como indica el art\u00edculo 21.3.e de la Ordenanza reguladora de la venta no sedentaria, que cubra todos los riesgos que pueda ocasionar la actividad que se haga y estar al corriente de su pago. A este efecto, se tiene que aportar la p\u00f3liza correspondiente y el recibo de encontrarse al corriente de su pago o, si es el caso, certificado de la compa\u00f1\u00eda aseguradora que acredite estos aspectos.<\/p>\n<p style=\"padding-left: 40px;\">2.6) Modelo de <strong>declaraci\u00f3n de origen del producto detallado<\/strong>. Sin que se puedan a\u00f1adir otros productos de tipolog\u00eda diferente a la de la Declaraci\u00f3n de producto presentada en la solicitud inicial. Esta nueva declaraci\u00f3n tiene por \u00fanico objetivo identificar con mayor detalle todos y cada uno de los productos que se pretende poner a la venta en los meses siguientes y ser\u00e1 uno de los documentos que ser\u00e1 obligatorio exponer al p\u00fablico en la parada, una vez validado por el Consejo Agrario Municipal (<a href=\"https:\/\/valencia.consellagrari.com\/wp-content\/uploads\/2022\/12\/Model-3-Declaracio-de-producte.pdf\" target=\"_blank\" rel=\"noopener\"><b>MODELO 3<\/b> Declaraci\u00f3n de producto<\/a>). Completar tantas hojas como sea necesario para indicar todos los productos que se pretenden poner a la venta durante el periodo de un a\u00f1o.<\/p>\n<p style=\"padding-left: 40px;\">2.7) Datos de inscripci\u00f3n en el Registro General de la Producci\u00f3n Agr\u00edcola (REGEPA) o en el Registro de Explotaciones Ganaderas (REGA)<\/p>\n<p style=\"padding-left: 40px;\">2.8) En el caso de productos elaborados identificaci\u00f3n de las instalaciones y Registro Sanitario de establecimientos alimentarios menores, as\u00ed como en su caso de las instalaciones de venta que lo requieran.<\/p>\n<p style=\"padding-left: 40px;\">2.9) <strong>Dos fotograf\u00edas<\/strong> de dimensiones de carn\u00e9 (para env\u00edo electr\u00f3nico: formatos JPG, PNG, TIFF y resoluci\u00f3n aproximada 1200 x 800 p\u00edxeles) de la persona titular de la autorizaci\u00f3n y de cada una de las personas autorizadas para la venta, en caso de que sean diferentes a la persona titular de la parada. De las asociaciones necesitaremos el logo y dos fotograf\u00edas de cada una de las personas que ejerzan la venta.<\/p>\n<p>El pago de la Tasa se solicitar\u00e1 una vez se haya otorgado la autorizaci\u00f3n. En estos momentos no hay que presentar ning\u00fan justificante.<\/p>\n<p><strong>Si tienen cualquier duda o necesitan ayuda para preparar o presentar la documentaci\u00f3n pueden realizarlas al tel\u00e9fono: 688904508 o a la direcci\u00f3n-e: <a href=\"mailto:agroecologia@valencia.es\">agroecologia@valencia.es<\/a><\/strong><\/p>\n<p><strong>DOCUMENTS<\/strong><\/p>\n<ul>\n<li><a href=\"https:\/\/valencia.consellagrari.com\/wp-content\/uploads\/2022\/12\/Model_1_Autoritzacio_venda.odt\" target=\"_blank\" rel=\"noopener\">Modelo 1<\/a><\/li>\n<li><a href=\"https:\/\/valencia.consellagrari.com\/wp-content\/uploads\/2022\/12\/Model_2_Installacions.odt\" target=\"_blank\" rel=\"noopener\">Modelo 2<\/a><\/li>\n<li><a href=\"https:\/\/valencia.consellagrari.com\/wp-content\/uploads\/2022\/12\/Model-3-Declaracio-de-producte.pdf\" target=\"_blank\" rel=\"noopener\">Modelo 3<\/a><\/li>\n<\/ul>\n<p><\/div> <!-- description --><\/div> <!-- aio-icon-box --><\/div> <!-- aio-icon-component -->[\/vc_column_inner][\/vc_row_inner][\/vc_column][\/vc_row][\/vc_section][vc_section full_width=\u00bbstretch_row\u00bb css_animation=\u00bbnone\u00bb el_id=\u00bbpreguntes-frequents\u00bb css=\u00bb.vc_custom_1673442742221{padding-top: 100px !important;padding-bottom: 100px !important;background-color: #efefef !important;}\u00bb][vc_row][vc_column width=\u00bb1\/5&#8243;][\/vc_column][vc_column width=\u00bb3\/5&#8243;][vc_icon icon_fontawesome=\u00bbfas fa-question-circle\u00bb color=\u00bbcustom\u00bb size=\u00bbxl\u00bb align=\u00bbcenter\u00bb custom_color=\u00bb#4bbc85&#8243;]<div id=\"ultimate-heading-87169f4ed69098a0\" class=\"uvc-heading ult-adjust-bottom-margin ultimate-heading-87169f4ed69098a0 uvc-635 \" data-hspacer=\"no_spacer\"  data-halign=\"center\" style=\"text-align:center\"><div class=\"uvc-heading-spacer no_spacer\" style=\"top\"><\/div><div class=\"uvc-main-heading ult-responsive\"  data-ultimate-target='.uvc-heading.ultimate-heading-87169f4ed69098a0 h2'  data-responsive-json-new='{\"font-size\":\"desktop:34px;tablet:34px;tablet_portrait:34px;mobile_landscape:20px;mobile:20px;\",\"line-height\":\"desktop:44px;tablet:44px;tablet_portrait:44px;mobile_landscape:32px;mobile:32px;\"}' ><h2 style=\"--font-weight:theme;margin-bottom:20px;\">Preguntas frecuentes \u2013 FAQs<\/h2><\/div><\/div>[vc_toggle title=\u00bb1. \u00bfQu\u00e9 tipo de productos se pueden vender en estos mercados?\u00bb style=\u00bbarrow\u00bb size=\u00bblg\u00bb]Se podr\u00e1n vender productos de <strong>tipolog\u00eda agroalimentaria<\/strong>: productos frescos o elaborados, provenientes de cualquier tipolog\u00eda de producci\u00f3n (ecol\u00f3gica, agroecol\u00f3gica, convencional); pero tambi\u00e9n se podr\u00e1n vender otro tipo de productos <strong>no agroalimentarios<\/strong>: plantel, plantas ornamentales, cosm\u00e9tica natural, utillaje y herramienta relacionada con la actividad primaria, utillaje para la cocina y la gastronom\u00eda&#8230;<\/p>\n<p>Como condici\u00f3n gen\u00e9rica, <strong>el producto tiene que ser siempre de producci\u00f3n o elaboraci\u00f3n propia<\/strong>, con algunas excepciones en los productos no agroalimentarios.<\/p>\n<p>Consultar en apartado <strong><a class=\"_ps2id\" href=\"#tit1\" data-ps2id-offset=\"\">2. TIPOLOG\u00cdA Y CARACTER\u00cdSTICAS DE LAS PARADAS Y SUS PRODUCTOS<\/a><\/strong> de la convocatoria.[\/vc_toggle][vc_toggle title=\u00bb2. \u00bfPuedo vender diferentes productos a la misma parada?\u00bb style=\u00bbarrow\u00bb size=\u00bblg\u00bb]S\u00ed. Si alg\u00fan productor o alguna productora quiere vender, por ejemplo, hortalizas (frescos y hort\u00edcolas) y miel (derivado animal) a la misma parada, <strong>s\u00ed que lo puede hacer siempre que todos los productos sean propios<\/strong>. Estas paradas con tipolog\u00eda mixta tienen que indicar cu\u00e1l es la tipolog\u00eda predominante en su propuesta. Las paradas de producto no alimentario no podr\u00e1n hacer venta de producto alimentario.[\/vc_toggle][vc_toggle title=\u00bb3. \u00bfCu\u00e1ntos mercados habr\u00e1 y d\u00f3nde ser\u00e1n?\u00bb style=\u00bbarrow\u00bb size=\u00bblg\u00bb]Habr\u00e1 cuatro nuevos mercados de venta directa no sedentaria a los siguientes barrios de Val\u00e8ncia (uno por barrio): Benimaclet, Castellar-Oliveral, Malilla y Plan de Remei.<\/p>\n<p>Consultar ubicaciones concretas en el apartado <a href=\"https:\/\/valencia.consellagrari.com\/wp-content\/uploads\/2022\/08\/ANNEX-I.-SUPERFI%CC%81CIE-I-DESCRIPCIO%CC%81-DELS-MERCATS-.pdf\" target=\"_blank\" rel=\"noopener\"><strong>ANEXO I. SUPERFICIE Y DESCRIPCI\u00d3N DE LOS MERCADOS de la convocatoria<\/strong>.<\/a>[\/vc_toggle][vc_toggle title=\u00bb4. \u00bfQui\u00e9n se puede presentar a la convocatoria?\u00bb style=\u00bbarrow\u00bb size=\u00bblg\u00bb]Pueden presentarse a la convocatoria de adjudicaci\u00f3n de paradas las personas f\u00edsicas o jur\u00eddicas que sean productoras primarias y peque\u00f1as elaboradoras agroalimentarias, inscritas en los correspondientes registros tal como se especifica en la normativa Europea en Higiene Sanitaria, (CE) n\u00famero 852\/2004, y en el Decreto 201\/2017 en el caso de la peque\u00f1a elaboraci\u00f3n y producci\u00f3n, que realizan la venta de sus productos directamente a la persona consumidora final. De manera espec\u00edfica, para la consideraci\u00f3n de productor\/a primario\/aria, es condici\u00f3n necesaria y suficiente la inscripci\u00f3n en el Registro General de la Producci\u00f3n Agr\u00edcola, (REJOROBA), o en el Registro de Explotaciones Ganaderas (RIEGA), de la Comunidad Valenciana.<\/p>\n<p>Para paradas de producto no alimentario o de producto de comercio justo, no har\u00e1 falta este requisito.[\/vc_toggle][vc_toggle title=\u00bb5. \u00bfQui\u00e9n puede vender en la parada?\u00bb style=\u00bbarrow\u00bb size=\u00bblg\u00bb]Podr\u00e1n ejercer la actividad de venta en las paradas autorizadas: las personas titulares de las paradas, personas contratadas por las personas titulares de las paradas *y personas colaboradoras autorizadas (se admiten solo dos personas colaboradoras por cada autorizaci\u00f3n de venta). No se puede autorizar como persona colaboradora otra persona que haya resultado adjudicataria provisional de una autorizaci\u00f3n para el ejercicio de la venta no sedentaria en calidad de persona titular.<\/p>\n<p>M\u00e1s informaci\u00f3n en el apartado <strong><a href=\"#tit1\">4. PERSONAS QUE PUEDEN EJERCER La ACTIVIDAD DE VENTA<\/a><\/strong> de la convocatoria.[\/vc_toggle][vc_toggle title=\u00bb6. \u00bfCu\u00e1l es el plazo de presentaci\u00f3n de las solicitudes?\u00bb style=\u00bbarrow\u00bb size=\u00bblg\u00bb]Las solicitudes pueden presentarse desde el <strong>3 de septiembre de 2022 hasta el 3 de octubre de 2022<\/strong>.[\/vc_toggle][vc_toggle title=\u00bb7. \u00bfC\u00f3mo se pueden presentar las solicitudes?\u00bb style=\u00bbarrow\u00bb size=\u00bblg\u00bb el_id=\u00bbfaqs7&#8243;]En el caso de las <strong>personas f\u00edsicas<\/strong>, las solicitudes se podr\u00e1n presentar o bien por <strong>Registro de entrada<\/strong> del Ayuntamiento de Val\u00e8ncia o a trav\u00e9s de la <strong>sede electr\u00f3nica<\/strong> con certificado digital o clave:<\/p>\n<p><a href=\"https:\/\/sede.valencia.es\/sede\/registro\/procedimiento\/AE.NS.90\" target=\"_blank\" rel=\"noopener\"><strong>https:\/\/sede.valencia.es\/sede\/registro\/procedimiento\/AE.NS.90<\/strong><\/a><\/p>\n<p>En el caso de las <strong>personas jur\u00eddicas<\/strong> (cooperativas, sociedades agrarias de transformaci\u00f3n, asociaciones&#8230;) tendr\u00e1n que hacer el tr\u00e1mite de <strong>manera telem\u00e1tica<\/strong> a trav\u00e9s de la sede electr\u00f3nica con certificado digital o clave:<\/p>\n<p><strong><a href=\"https:\/\/sede.valencia.es\/sede\/registro\/procedimiento\/AE.NS.90\" target=\"_blank\" rel=\"noopener\">https:\/\/sede.valencia.es\/sede\/registro\/procedimiento\/AE.NS.90<\/a><\/strong><\/p>\n<p>Si alguien tuviera cualquier duda o problema con este tr\u00e1mite, tenemos asistencia telef\u00f3nica o presencial personalizada. Puedes pedirla intermediando: <a href=\"mailto:mercatshorta@gmail.com\"><strong>mercatshorta@gmail.com<\/strong><\/a> o<strong> <a href=\"mailto:agroecologia@valencia.es\">agroecologia@valencia.es<\/a><\/strong>.[\/vc_toggle][vc_toggle title=\u00bb8. \u00bfNecesitas resolver dudas y\/o recibir asesoramiento personalizado?\u00bb style=\u00bbarrow\u00bb size=\u00bblg\u00bb el_id=\u00bbfaqs8&#8243;]Si tienes cualquier duda, puedes contactar con nosotros en:<\/p>\n<p><a href=\"mailto:agroecologia@valencia.es\"><strong>agroecologia@valencia.es<\/strong><\/a><\/p>\n<p>o en los tel\u00e9fonos:<\/p>\n<ul>\n<li>962 085 206<\/li>\n<li>+34 688 90 45 08<\/li>\n<\/ul>\n<p>[\/vc_toggle][vc_toggle title=\u00bb9. \u00bfQu\u00e9 documentaci\u00f3n hay que aportar?\u00bb style=\u00bbarrow\u00bb size=\u00bblg\u00bb]Toda la documentaci\u00f3n necesaria se encuentra recogida y explicada en el apartado <strong><a href=\"#tit2\">5.3. Documentaci\u00f3n que hay que aportar<\/a><\/strong> de la convocatoria.[\/vc_toggle][vc_toggle title=\u00bb10. \u00bfC\u00f3mo se har\u00e1 la adjudicaci\u00f3n de paradas?\u00bb style=\u00bbarrow\u00bb size=\u00bblg\u00bb]Para la baremaci\u00f3n de las propuestas y la adjudicaci\u00f3n de las paradas se han establecido unos <strong>criterios<\/strong> que regir\u00e1n la evaluaci\u00f3n de los m\u00e9ritos de las solicitudes presentadas, as\u00ed como la documentaci\u00f3n preceptiva justificadora del cumplimiento. En cualquier caso, los m\u00e9ritos tienen que acreditarse por medio de la presentaci\u00f3n de los documentos originales o debidamente compulsados.<\/p>\n<p>Los criterios son: proximidad, calidad medioambiental del producto que se tiene que comercializar, zonas rurales deprimidas, pertenencia a colectivos espec\u00edficos, calidad del producto (excluyente con calidad ambiental del producto), econom\u00eda social y proyectos de inclusi\u00f3n.<\/p>\n<p>Con la lista baremada definitiva se crear\u00e1 una <strong>bolsa \u00fanica<\/strong> para cubrir todas las paradas de los mercados disponibles.[\/vc_toggle][vc_toggle title=\u00bb11. \u00bfCu\u00e1l ser\u00e1 la vigencia de las autorizaciones?\u00bb style=\u00bbarrow\u00bb size=\u00bblg\u00bb]Las autorizaciones municipales para el desarrollo de la actividad comercial en los mercados de venta no sedentaria peri\u00f3dicos <strong>se conceder\u00e1n por un plazo de quince a\u00f1os<\/strong>.[\/vc_toggle][vc_toggle title=\u00bb12. \u00bfEs obligatorio tener un seguro de responsabilidad civil?\u00bb style=\u00bbarrow\u00bb size=\u00bblg\u00bb]No es obligatorio tener un seguro de responsabilidad civil en el momento de hacer la solicitud, pero s\u00ed que lo es para la venta al mercado.[\/vc_toggle][vc_toggle title=\u00bb13. \u00bfEs obligatorio participar todos los d\u00edas de mercado?\u00bb style=\u00bbarrow\u00bb size=\u00bblg\u00bb]No se puede fallar m\u00e1s de cuatro semanas seguidas o m\u00e1s de seis en un periodo de tres meses, tal y como dispone la Ordenanza reguladora de la venta no sedentaria en el ART\u00cdCULO 32.[\/vc_toggle][vc_toggle title=\u00bb14. \u00bfSi no tengo firma electr\u00f3nica propia puede presentar alguien la solicitud de manera telem\u00e1tica por m\u00ed?\u00bb style=\u00bbarrow\u00bb size=\u00bblg\u00bb]S\u00ed, utilizando el anexo de representaci\u00f3n que pod\u00e9is encontrar en el apartado de impresos en el tr\u00e1mite de sede electr\u00f3nica:<\/p>\n<p><strong><a href=\"https:\/\/sede.valencia.es\/sede\/registro\/procedimiento\/AE.NS.90\" target=\"_blank\" rel=\"noopener\">https:\/\/sede.valencia.es\/sede\/registro\/procedimiento\/AE.NS.90<\/a><\/strong>[\/vc_toggle][\/vc_column][vc_column width=\u00bb1\/5&#8243;][\/vc_column][\/vc_row][\/vc_section][vc_section css_animation=\u00bbnone\u00bb el_id=\u00bbconvocatoria\u00bb css=\u00bb.vc_custom_1663325187690{padding-top: 100px !important;padding-bottom: 50px !important;}\u00bb][vc_row full_width=\u00bbstretch_row\u00bb bg_type=\u00bbbg_color\u00bb bg_color_value=\u00bb#f9f9f9&#8243; css=\u00bb.vc_custom_1663071541307{padding-top: 100px !important;padding-bottom: 100px !important;}\u00bb][vc_column][vc_row_inner][vc_column_inner el_class=\u00bbheading-mercats\u00bb css=\u00bb.vc_custom_1663077699531{margin-bottom: 30px !important;}\u00bb]<div id=\"ultimate-heading-450269f4ed690993b\" class=\"uvc-heading ult-adjust-bottom-margin ultimate-heading-450269f4ed690993b uvc-5744 \" data-hspacer=\"no_spacer\"  data-halign=\"center\" style=\"text-align:center\"><div class=\"uvc-heading-spacer no_spacer\" style=\"top\"><\/div><div class=\"uvc-main-heading ult-responsive\"  data-ultimate-target='.uvc-heading.ultimate-heading-450269f4ed690993b h2'  data-responsive-json-new='{\"font-size\":\"desktop:34px;tablet:34px;tablet_portrait:34px;mobile_landscape:20px;mobile:20px;\",\"line-height\":\"desktop:44px;tablet:44px;tablet_portrait:44px;mobile_landscape:32px;mobile:32px;\"}' ><h2 style=\"--font-weight:theme;margin-bottom:20px;\">Convocatoria y normas de funcionamiento para los Mercados de Venta No Sedentaria de tipolog\u00eda alimentaria<br \/>\n<em>Mercados de l'Horta<\/em><\/h2><\/div><\/div>[\/vc_column_inner][\/vc_row_inner][vc_tta_accordion section_title_tag=\u00bbh3&#8243; style=\u00bbflat\u00bb shape=\u00bbsquare\u00bb color=\u00bbwhite\u00bb spacing=\u00bb10&#8243; c_icon=\u00bbtriangle\u00bb c_position=\u00bbright\u00bb active_section=\u00bb999&#8243; collapsible_all=\u00bbtrue\u00bb el_id=\u00bbacordeo-normativa\u00bb][vc_tta_section title=\u00bb\u00cdNDICE\u00bb tab_id=\u00bbtit-index\u00bb][vc_row_inner equal_height=\u00bbyes\u00bb content_placement=\u00bbbottom\u00bb gap=\u00bb35&#8243; css=\u00bb.vc_custom_1663065731860{padding-top: 20px !important;padding-right: 20px !important;padding-bottom: 20px !important;padding-left: 20px !important;}\u00bb el_class=\u00bbindex\u00bb][vc_column_inner width=\u00bb1\/2&#8243;][vc_column_text]<a href=\"#tit1\"><strong>T\u00cdTULO I. DISPOSICIONES DE CAR\u00c1CTER GENERAL <\/strong><\/a><\/p>\n<p><strong>1. OBJETO DE LA CONVOCATORIA <\/strong><\/p>\n<p><strong>2. TIPOLOG\u00cdA I CARACTER\u00cdSTICAS DE LAS PARADAS Y SUS PRODUCTOS <\/strong><\/p>\n<p><strong>3. REQUISITOS GENERALES <\/strong><\/p>\n<p><strong>4. PERSONAS QUE PUEDEN EJERCER La ACTIVIDAD DE VENTA <\/strong><\/p>\n<p><a href=\"#tit2\"><strong>T\u00cdTULO II. PROCEDIMIENTO DE CONCURRENCIA P\u00daBLICA <\/strong><\/a><\/p>\n<p><strong>5. PRESENTACI\u00d3N DE SOLICITUDES <\/strong><\/p>\n<p>5.1 Plazo de presentaci\u00f3n de las solicitudes.<\/p>\n<p>5.2. Lugares para la presentaci\u00f3n de las solicitudes.<\/p>\n<p>5.3. Documentaci\u00f3n que hay que aportar.<\/p>\n<p><strong>6. PROCESO DE SELECCI\u00d3N Y ADJUDICACI\u00d3N DE PARADAS <\/strong><\/p>\n<p>6.1. Baremo y valoraci\u00f3n de las propuestas admitidas.<\/p>\n<p>6.2. Adjudicaci\u00f3n de las paradas en los mercados.<\/p>\n<p>6.3. Presentaci\u00f3n de la documentaci\u00f3n para aquellas propuestas seleccionadas.<\/p>\n<p>6.4. Inicio de la actividad de venta.<\/p>\n<p><strong>7. VIGENCIA DE LAS AUTORIZACIONES <\/strong><\/p>\n<p>7.1. Duraci\u00f3n de las autorizaciones.<\/p>\n<p>7.2. Renuncias no justificadas.<\/p>\n<p>7.3. Causas de extinci\u00f3n de las autorizaciones.<\/p>\n<p>7.4. Transmisi\u00f3n de las autorizaciones.<\/p>\n<p>7.5. Cambio en la tipolog\u00eda de producto autorizado para la venta.<\/p>\n<p><strong>8. CREACI\u00d3N Y FUNCIONAMIENTO DE LA BOLSA DE VACANTES <\/strong>[\/vc_column_text][\/vc_column_inner][vc_column_inner width=\u00bb1\/2&#8243;][vc_column_text]<a href=\"#tit3\"><strong>T\u00cdTULO III. FUNCIONAMIENTO DEL MERCADO <\/strong><\/a><\/p>\n<p><strong>9. DERECHOS DE LAS PERSONAS VENDEDORAS <\/strong><\/p>\n<p><strong>10. FIGURAS DE GOBERNANZA <\/strong><\/p>\n<p><strong>11. NORMAS T\u00c9CNICAS DE FUNCIONAMIENTO <\/strong><\/p>\n<p>11.1. D\u00edas de mercado y horarios<\/p>\n<p>11.2. Supervisi\u00f3n de los mercados.<\/p>\n<p>11.3. Obligaciones de las personas o entidades adjudicatarias.<\/p>\n<p>11.4. Prohibiciones.<\/p>\n<p>11.5. Infracciones y sanciones.<\/p>\n<p>&nbsp;<\/p>\n<p><a href=\"#tit-annexos\">ANEXOS <\/a><\/p>\n<p><strong>ANEXO I <\/strong><\/p>\n<p>SUPERFICIE Y DESCRIPCI\u00d3N DE LOS MERCADOS<\/p>\n<p><strong>ANEXO II <\/strong><\/p>\n<p>MODELO De AUTOEVALUACI\u00d3N DE M\u00c9RITOS<\/p>\n<p><strong>ANEXO III <\/strong><\/p>\n<p>MODELO DE SOLICITUD<\/p>\n<p><strong>ANEXO IV <\/strong><\/p>\n<p>MODELO DE DECLARACI\u00d3N RESPONSABLE<\/p>\n<p><strong>ANEXO V <\/strong><\/p>\n<p>TASA<\/p>\n<p><strong>ANEXO VI <\/strong><\/p>\n<p>MODELO DECLARACI\u00d3N DE PRODUCTO[\/vc_column_text][\/vc_column_inner][\/vc_row_inner][\/vc_tta_section][vc_tta_section title=\u00bbT\u00cdTULO I. DISPOSICIONES DE CAR\u00c1CTER GENERAL\u00bb tab_id=\u00bbtit1&#8243;][vc_column_text]<strong>1. OBJETO DE LA CONVOCATORIA <\/strong><\/p>\n<p>Este documento tiene como finalidad regular la convocatoria para la concesi\u00f3n de autorizaciones y constituci\u00f3n de una bolsa de solicitudes para ejercer la venta no sedentaria en mercados, de nueva creaci\u00f3n, de venta directa de tipolog\u00eda agroalimentaria (de los descritos en la disposici\u00f3n adicional V de la Ordenanza municipal reguladora de la venta no sedentaria en la ciudad de Val\u00e8ncia) en concreto en cuatro mercados extraordinarios fijos que tendr\u00e1n una periodicidad semanal y una ubicaci\u00f3n fija.<\/p>\n<p>Se definen los criterios y procedimientos para la presentaci\u00f3n y la selecci\u00f3n de propuestas que quieran optar a una autorizaci\u00f3n, as\u00ed como la creaci\u00f3n y funcionamiento de una bolsa \u00fanica para el acceso a vacantes.<\/p>\n<p>As\u00ed mismo se determinan y especifican las normas t\u00e9cnicas de funcionamiento de los mercados, as\u00ed como los \u00f3rganos de gobernanza.<\/p>\n<p>Se atiende, de manera espec\u00edfica, la normativa de aplicaci\u00f3n sectorial para este tipo de actividades, de manera especial:<\/p>\n<ul>\n<li><a href=\"https:\/\/dogv.gva.es\/datos\/2018\/02\/20\/pdf\/2018_1589.pdf\" target=\"_blank\" rel=\"noopener\">El Decreto 201\/2017, de 15 de diciembre<\/a>, del Consell, por el cual se regula la venta de proximidad de productos primarios y agroalimentarios.<\/li>\n<li><a href=\"https:\/\/dogv.gva.es\/datos\/2012\/04\/24\/pdf\/2012_3941.pdf\" target=\"_blank\" rel=\"noopener\">El Decreto 65\/2012 de 20 de abril<\/a> del Consell por el cual se regula la venta no sedentaria en la Comunitat Valenciana.<\/li>\n<li class=\"p1\"><a href=\"https:\/\/sede.valencia.es\/sede\/descarga\/doc\/DOCUMENT_1_ORD0008_C\" target=\"_blank\" rel=\"noopener\">La Ordenanza municipal reguladora de la venta no sedentaria<\/a> (de ahora en adelante Ordenanza de VNS) de 28 de febrero de 2019.<\/li>\n<li><\/li>\n<\/ul>\n<p><strong>2. TIPOLOG\u00cdA I CARACTER\u00cdSTICAS DE LAS PARADAS Y SUS PRODUCTOS <\/strong><\/p>\n<p>Los productos a la venta en los mercados objeto de esta convocatoria son de tipolog\u00eda agroalimentaria: productos frescos o elaborados, provenientes de cualquier tipolog\u00eda de producci\u00f3n (ecol\u00f3gica, agroecol\u00f3gica, convencional), de variedades tradicionales o de iniciativas de inserci\u00f3n socio-laboral, entre otros, como se indica en la disposici\u00f3n adicional quinta de la Ordenanza de VNS.<\/p>\n<p>La tipolog\u00eda, n\u00famero de paradas potenciales y productos permitidos en la convocatoria es, a modo orientativo, la siguiente:<\/p>\n<table class=\"t1\" cellspacing=\"0\" cellpadding=\"0\">\n<tbody>\n<tr>\n<td class=\"td1\" valign=\"top\"><strong>TIPOLOG\u00cdA DE PARADA<\/strong><\/td>\n<td class=\"td1\" valign=\"top\"><strong>N\u00famero de PARADAS A ASIGNAR<\/strong><\/td>\n<td class=\"td1\" valign=\"top\"><strong>PRODUCTOS A LA VENTA<\/strong><\/td>\n<\/tr>\n<tr>\n<td class=\"td1\" valign=\"top\">I \u2013 FRESCOS Y HORT\u00cdCOLAS<\/td>\n<td class=\"td1\" valign=\"top\">24<\/td>\n<td class=\"td1\" valign=\"top\">\n<ul>\n<li class=\"p1\">Verdura, hortalizas, fruta de temporada, productos vegetales de recolecci\u00f3n y de temporada como por ejemplo esp\u00e1rragos, setas, frutos silvestres y otros equivalentes.<\/li>\n<\/ul>\n<\/td>\n<\/tr>\n<tr>\n<td class=\"td1\" valign=\"top\">II \u2013 DERIVADOS ANIMALES<\/td>\n<td class=\"td1\" valign=\"top\">8<\/td>\n<td class=\"td1\" valign=\"top\">\n<ul>\n<li class=\"p1\">Miel y derivados, huevos, leche, quesos, yogur y otros derivados l\u00e1cticos.<\/li>\n<li class=\"p1\">Carne, derivados c\u00e1rnicos como el embutido<\/li>\n<li class=\"p1\">Pesca, moluscos\u2026<\/li>\n<\/ul>\n<\/td>\n<\/tr>\n<tr>\n<td class=\"td1\" valign=\"top\">III \u2013 ELABORADOS DE ORIGEN VEGETAL<\/td>\n<td class=\"td1\" valign=\"top\">26<\/td>\n<td class=\"td1\" valign=\"top\">\n<ul>\n<li class=\"p1\">Aceite, olivas, salmueras, adobados, salados.<\/li>\n<li class=\"p1\">Mermeladas, conservas, semiconservas, cremas vegetales, horchata, zumos de fruta y otras bebidas vegetales.<\/li>\n<li class=\"p1\">Pan, reposter\u00eda, dulces tradicionales, turrones, golosinas.<\/li>\n<li class=\"p1\">Productos secos como cereales, legumbres, frutos secos, harinas, fruta deshidratada.<\/li>\n<li class=\"p1\">Bebidas espirituosas artesanales.<\/li>\n<\/ul>\n<\/td>\n<\/tr>\n<tr>\n<td class=\"td1\" valign=\"top\">IV \u2013 OTROS PRODUCTOS RELACIONADOS CON LA ACTIVIDAD PRIMARIAA<\/td>\n<td class=\"td1\" valign=\"top\">6<\/td>\n<td class=\"td1\" valign=\"top\">\n<ul>\n<li class=\"p1\">Plantel, plantas ornamentales, medicinales y culinarias.<\/li>\n<li class=\"p1\">Complementos culinarios, especies.<\/li>\n<li class=\"p1\">Cosm\u00e9tica natural.<\/li>\n<li class=\"p1\">Utillaje y herramienta relacionada con la actividad primaria, utillaje para la cocina y la gastronom\u00eda.<\/li>\n<\/ul>\n<\/td>\n<\/tr>\n<tr>\n<td class=\"td1\" valign=\"top\">V \u2013 PRODUCTO ALIMENTARIO DE COMERCIO JUSTO<\/td>\n<td class=\"td1\" valign=\"top\">1<\/td>\n<td class=\"td1\" valign=\"top\">\n<ul>\n<li class=\"p1\">Caf\u00e9, chocolate, galletas, panela, az\u00facar, infusiones, cereales, especias, cosm\u00e9tica y otros productos alimentarios de comercio justo.<\/li>\n<\/ul>\n<\/td>\n<\/tr>\n<\/tbody>\n<\/table>\n<p>La superficie prevista a ocupar por las paradas en cada uno de los mercados est\u00e1 identificada en el anexo I. La superficie ser\u00e1 actualizada en caso de que la tipolog\u00eda final de las paradas lo aconseje.<\/p>\n<p>Las paradas con tipolog\u00eda mixta tienen que indicar cu\u00e1l es la tipolog\u00eda predominante en su propuesta.<\/p>\n<p>Las paradas de producto no alimentario no podr\u00e1n realizar venta de producto alimentario.<\/p>\n<p>Como condici\u00f3n gen\u00e9rica el producto tiene que ser siempre de producci\u00f3n o elaboraci\u00f3n propia, con las excepciones que se recogen a continuaci\u00f3n.<\/p>\n<p>Se contempla la posibilidad excepcional que el producto no sea de elaboraci\u00f3n o producci\u00f3n propia, en el caso de las paradas de utillaje y herramientas relacionadas con la actividad primaria, la venta de plantel, plantas medicinales y culinarias, complementos culinarios, utillaje para la cocina y la gastronom\u00eda, producto alimentario de comercio justo y otros afines a la agroalimentaci\u00f3n. Aun as\u00ed, siempre se priorizar\u00e1n las propuestas para la venta de producto de elaboraci\u00f3n, producci\u00f3n o cosecha propia ante otras que no lo sean.<\/p>\n<p>Por la excepcionalidad de las caracter\u00edsticas de la venta de producto alimentario las superficies autorizadas de manera ordinaria responder\u00e1n a m\u00f3dulos de 3 metros de ancho por 2 metros de profundidad, y se podr\u00e1n aumentar hasta los 3 metros de profundidad si la v\u00eda lo permite y siempre que se garantice la normativa de acceso de los veh\u00edculos de emergencias. La altura de las paradas, como norma general, no exceder\u00e1 de 2.55 m, y la de los salientes o vuelos, para el toldo de protecci\u00f3n, de 50 cm. Quedan exceptuadas las paradas sobre veh\u00edculo y aquellas que por necesitar equipos de refrigeraci\u00f3n u otros espec\u00edficos pudieran necesitar mayor superficie.<\/p>\n<p>Las paradas estar\u00e1n dispuestas en l\u00ednea recta o hilera, distribuidas en la superficie se indica en el plano adjunto para cada uno de los mercados en el Anexo I.<\/p>\n<p>La configuraci\u00f3n b\u00e1sica de los lugares de venta no sedentaria tienen que presentar una est\u00e9tica com\u00fan tal y como se especifica en la Ordenanza VNS, y cumplir los requisitos t\u00e9cnicos mencionados en el art\u00edculo 55 de la misma ordenanza. Aquellas paradas que tengan a la venta productos que, para su adecuada conservaci\u00f3n necesiten de unos requisitos higi\u00e9nicos y sanitarios espec\u00edficos, tal como instalaci\u00f3n de fr\u00edo, agua, etc., tendr\u00e1n que contar con las instalaciones adecuadas a tal efecto seg\u00fan la legislaci\u00f3n vigente.<\/p>\n<p>La adquisici\u00f3n de los m\u00f3dulos y elementos para las paradas ser\u00e1 a cargo de las personas adjudicatarias de las paradas de venta no sedentaria, si bien la concejal\u00eda con competencias en agricultura podr\u00e1 facilitar la adquisici\u00f3n o uso de infraestructuras conjuntas para las paradas.<\/p>\n<p>Los art\u00edculos se expondr\u00e1n a una altura m\u00ednima del suelo de 50 cm, excepto aquellos que por sus caracter\u00edsticas o dimensiones se exponen en el comercio tradicional a ras del suelo, como por ejemplo flores, plantas u otros productos de utillaje, artesan\u00eda, etc.<\/p>\n<p><strong>3. REQUISITOS GENERALES <\/strong><\/p>\n<p>Podr\u00e1n presentarse a la convocatoria de adjudicaci\u00f3n de paradas las personas f\u00edsicas o jur\u00eddicas que sean productoras primarias y peque\u00f1as elaboradoras agroalimentarias, inscritas en los correspondientes registros tal como se especifica en la normativa Europea en Higiene Sanitaria, (CE) n\u00famero 852\/2004, y en el Decreto 201\/2017 en el caso de la peque\u00f1a elaboraci\u00f3n y producci\u00f3n, que realizan la venta de sus productos directamente a la persona consumidora final. De manera espec\u00edfica, para la consideraci\u00f3n de productor\/a primario\/a, tal y como indica el Decreto 201\/2017, de 15 de diciembre, del Consell, por el cual se regula la venta de<\/p>\n<p>proximidad de productos primarios y agroalimentarios ser\u00e1 condici\u00f3n necesaria y suficiente la inscripci\u00f3n en el Registro General de la Producci\u00f3n Agr\u00edcola, (REGEPA), o en el Registro de Explotaciones Ganaderas (REGA), de la Comunitat Valenciana, cazadores\/as y recolectores\/as de productos silvestres, que producen alimentos no transformados obtenidos en la Comunitat Valenciana.<\/p>\n<p>Las personas f\u00edsicas tendr\u00e1n que tener 18 a\u00f1os cumplidos.<\/p>\n<p>Las personas jur\u00eddicas (cooperativas, sociedades agrarias de transformaci\u00f3n, asociaciones\u2026) podr\u00e1n presentar a la venta producto de una pluralidad de personas f\u00edsicas que necesariamente ser\u00e1n miembros de pleno derecho de la entidad jur\u00eddica e inscritas en el REGEPA. La relaci\u00f3n de personas productoras asociadas a una autorizaci\u00f3n a una persona jur\u00eddica ser\u00e1 actualizada necesariamente siempre que haya cualquier variaci\u00f3n sobre la lista original presentada con la solicitud de autorizaci\u00f3n inicial.<\/p>\n<p>Adem\u00e1s, las personas f\u00edsicas o jur\u00eddicas que desean optar a la autorizaci\u00f3n tendr\u00e1n que comprometerse a cumplir, desde el inicio de la actividad y durante toda la vigencia de la autorizaci\u00f3n, de manera general los requisitos especificados en el art\u00edculo 7 del Decreto 65\/2012, de 20 de abril, del Consell, por el cual se regula el ejercicio de la venta no sedentaria en la Comunitat Valenciana y de manera espec\u00edfica los siguientes requisitos:<\/p>\n<p><strong>a<\/strong> Estar inscritas, cuando les corresponda, en el Censo de Actividades Econ\u00f3micas de la Agencia Tributaria en el ep\u00edgrafe o ep\u00edgrafes correspondientes y estar al corriente en el pago de la tarifa. Excepto las personas que tengan la condici\u00f3n de productoras primarias que quedan exentas de inscribirse en el Censo de Actividades Econ\u00f3micas de la Agencia Tributaria.<\/p>\n<p><strong>b<\/strong> Estar inscritas en el r\u00e9gimen correspondiente de la Seguridad Social y estar al corriente en el pago de las cotizaciones en el r\u00e9gimen correspondiente. En el caso de las personas jur\u00eddicas se tiene que acreditar que cualquier persona que ejercer\u00e1 la actividad de venta est\u00e1 dada de alta en el R\u00e9gimen General de la Seguridad Social, salvo que en conformidad con lo dispuesto en la legislaci\u00f3n espec\u00edfica, la persona pueda estar incluida en el r\u00e9gimen especial de trabajadores aut\u00f3nomos.<\/p>\n<p><strong>c<\/strong> Todas las personas que tengan que ejercer la venta (titulares, contratadas y colaboradoras) tienen que poder demostrar haber hecho los cursos de formaci\u00f3n en materia de higiene alimentaria que las capacite para ejercer la actividad de venta.<\/p>\n<p><strong>d<\/strong> Las personas extranjeras de pa\u00edses que no sean miembros de la Uni\u00f3n Europea, tienen que estar en posesi\u00f3n de los correspondientes permisos de residencia y de trabajo por cuenta propia o ajena, con vigencia durante el tiempo que comprenda la autorizaci\u00f3n, as\u00ed como acreditar el cumplimiento del resto de requisitos vigentes que sean aplicables.<\/p>\n<p><strong>e<\/strong> No tener deudas con el Ayuntamiento de Val\u00e8ncia.<\/p>\n<p><strong>f<\/strong> Disponer de unas instalaciones acordes a las caracter\u00edsticas se\u00f1aladas en esta convocatoria.<\/p>\n<p><strong>g<\/strong> Subscribir un seguro de responsabilidad civil, tal y como indica el art\u00edculo 21.3.e de la Ordenanza reguladora de la venta no sedentaria, que cubra todos los riesgos que pueda ocasionar la actividad que se haga y estar al corriente de su pago. A este efecto, se tiene que aportar la p\u00f3liza correspondiente y el recibo de<\/p>\n<p>encontrarse al corriente de su pago o, si es el caso, certificado de la compa\u00f1\u00eda aseguradora que acredite estos aspectos.<\/p>\n<p><strong>h<\/strong> Las personas titulares de una autorizaci\u00f3n para la venta que desean autorizar a personas contratadas o a familiares (como colaboradoras de la persona titular), ser\u00e1n responsables de asegurar el cumplimiento, por parte de las personas colaboradoras o contratadas, de los mismos requisitos exigidos a la persona titular, excepto el alta en el censo de actividades econ\u00f3micas.<\/p>\n<p><strong>i<\/strong> Cumplir el resto de requisitos que le sean aplicables de acuerdo con la normativa sectorial aplicable.<\/p>\n<p><strong>4. PERSONAS QUE PUEDEN EJERCER LA ACTIVIDAD DE VENTA <\/strong><\/p>\n<p>Podr\u00e1n ejercer la actividad de venta no sedentaria en las paradas autorizadas, aquellas personas que cumplan las condiciones siguientes:<\/p>\n<p><strong>a<\/strong> Personas titulares de las paradas: aquellas personas f\u00edsicas o personas representantes acreditadas de las personas jur\u00eddicas, que cumplan los requisitos y hayan sido autorizadas en el proceso de selecci\u00f3n.<\/p>\n<p><strong>b<\/strong> Personas contratadas: aquellas personas designadas para el ejercicio de la venta no sedentaria que mantengan una relaci\u00f3n contractual con las personas titulares de las paradas para tal fin.<\/p>\n<p><strong>c<\/strong> Personas colaboradoras: el Ayuntamiento puede autorizar que en el ejercicio de la actividad comercial colaboren con la persona titular su c\u00f3nyuge, pareja de hecho, descendentes, ascendentes o familiares por consanguinidad o afinidad hasta el segundo grado inclusivamente. Se admiten solo dos personas colaboradoras por cada autorizaci\u00f3n de venta. No se puede autorizar como persona colaboradora a otra persona que haya resultado adjudicataria provisional de una autorizaci\u00f3n para el ejercicio de la venta no sedentaria en calidad de persona titular.[\/vc_column_text][\/vc_tta_section][vc_tta_section title=\u00bbT\u00cdTULO II. PROCEDIMIENTO DE CONCURRENCIA P\u00daBLICA\u00bb tab_id=\u00bbtit2&#8243;][vc_column_text]<strong>5. PRESENTACI\u00d3N DE SOLICITUDES<\/strong><\/p>\n<p><strong>5.1 Plazo de presentaci\u00f3n de las solicitudes y n\u00famero m\u00e1ximo de solicitudes<\/strong><\/p>\n<p>5.1 Plazo de presentaci\u00f3n de las solicitudes y n\u00famero m\u00e1ximo de solicitudes<\/p>\n<p>Las solicitudes pueden presentarse desde el 3 de septiembre de 2022 hasta el 3 de octubre de 2022. En el caso de que la publicaci\u00f3n sea posterior a la fecha de inicio indicada, el periodo v\u00e1lido ser\u00e1 de 30 d\u00edas naturales desde el d\u00eda siguiente a la publicaci\u00f3n de las presentes bases en el <i>Bolet\u00edn Oficial de la Provincia<\/i>. Las bases podr\u00e1n publicarse tambi\u00e9n en la web del Consell Agrari Municipal y en el tabl\u00f3n de anuncios en la p\u00e1gina web del Ayuntamiento de Val\u00e8ncia.<\/p>\n<p>Cada persona f\u00edsica o jur\u00eddica podr\u00e1 optar a un m\u00e1ximo de 4 autorizaciones, una para cada nuevo mercado, indic\u00e1ndolo en un \u00fanico documento de solicitud. En ning\u00fan caso se otorgar\u00e1 m\u00e1s de una parada por mercado a una misma persona f\u00edsica o jur\u00eddica.<\/p>\n<hr \/>\n<p><strong>5.2. Lugares para la presentaci\u00f3n de las solicitudes <\/strong><\/p>\n<p>La solicitud de autorizaci\u00f3n se tiene que presentar a trav\u00e9s de cualquier de los medios v\u00e1lidos en derecho, dirigida a la Alcald\u00eda, ante los \u00f3rganos previstos en el art\u00edculo 16 de la Ley 39\/2015, de 1 de octubre, del procedimiento administrativo com\u00fan de las administraciones p\u00fablicas.<\/p>\n<p>As\u00ed mismo, puede realizarse la presentaci\u00f3n telem\u00e1tica de las solicitudes a trav\u00e9s de la sede electr\u00f3nica del Ayuntamiento de Val\u00e8ncia, https:\/\/sede.valencia.es, en el tr\u00e1mite espec\u00edfico disponible a tal efecto. Para la realizaci\u00f3n del referido tr\u00e1mite, la persona solicitante tiene que disponer de firma electr\u00f3nica avanzada con un certificado reconocido para la ciudadan\u00eda -personas f\u00edsicas- admitido por la sede electr\u00f3nica del Ayuntamiento de Val\u00e8ncia.<\/p>\n<p>En conformidad con la normativa de administraci\u00f3n electr\u00f3nica, las personas jur\u00eddicas en todo caso estar\u00e1n obligadas a la presentaci\u00f3n de la solicitud y a relacionarse con la administraci\u00f3n a trav\u00e9s de medios electr\u00f3nicos, mediante la comparecencia en sede electr\u00f3nica del Ayuntamiento, para la realizaci\u00f3n de cualquier tr\u00e1mite del procedimiento.<\/p>\n<hr \/>\n<p><strong>5.3. Documentaci\u00f3n que hay que aportar <\/strong><\/p>\n<p><strong>a<\/strong> Solicitud gen\u00e9rica y documentaci\u00f3n aneja seg\u00fan el anexo III. Donde se tiene que indicar si la solicitud es para uno o m\u00e1s mercados.<\/p>\n<p><strong>b<\/strong> Declaraci\u00f3n responsable seg\u00fan el anexo IV que acredite:<\/p>\n<ul>\n<li>\n<ul>\n<li>El cumplimiento de los requisitos generales o compromiso de cumplirlos en caso de obtener autorizaci\u00f3n.<\/li>\n<li>Estar en la posesi\u00f3n de la documentaci\u00f3n que as\u00ed lo acredite a partir del inicio de la actividad.<\/li>\n<li>Compromiso de mantener su cumplimiento durante el plazo de vigencia de la autorizaci\u00f3n.<\/li>\n<\/ul>\n<\/li>\n<\/ul>\n<p><strong>c<\/strong> As\u00ed mismo, en la solicitud se aportar\u00e1 la documentaci\u00f3n acreditativa de los m\u00e9ritos que se alegan, de acuerdo con el baremo establecido en el apartado 6.1. Baremo y valoraci\u00f3n de las propuestas admitidas y acompa\u00f1ado del modelo de autobaremaci\u00f3n del anexo II. Los m\u00e9ritos alegados por las personas jur\u00eddicas tienen que diferenciar claramente los que corresponden a la persona autorizada para la venta y los que corresponden a la actividad productiva. En caso de que se presente solicitud a m\u00e1s de un mercado coincidente en el tiempo habr\u00e1 que identificar qu\u00e9 persona ejercer\u00e1 la venta en cada uno de los mercados y los m\u00e9ritos asociados a cada una de ellas.<\/p>\n<p><strong>d<\/strong> Las personas jur\u00eddicas, juntamente con la solicitud presentada, tienen que aportar los documentos siguientes:<\/p>\n<ul>\n<li>\n<ul>\n<li>Escritura p\u00fablica de constituci\u00f3n de la entidad y estatutos.<\/li>\n<li>Documento que acredite la existencia de una relaci\u00f3n contractual o societaria entre la persona titular y la persona que tenga que desarrollar, en nombre de la persona jur\u00eddica, la actividad comercial.<\/li>\n<\/ul>\n<\/li>\n<\/ul>\n<p><strong>e<\/strong> En el caso de los socios\/socias trabajadores\/se de cooperativas de trabajo asociado se tiene que aportar escritura de constituci\u00f3n de la cooperativa y sus estatutos, as\u00ed como un documento que acredite la condici\u00f3n de socia o socio de la cooperativa.<\/p>\n<p><strong>6. PROCESO DE SELECCI\u00d3N Y ADJUDICACI\u00d3N DE PARADAS <\/strong><\/p>\n<p><strong>6.1. Baremo y valoraci\u00f3n de las propuestas admitidas <\/strong><\/p>\n<p>A continuaci\u00f3n se determinan los criterios que regir\u00e1n la evaluaci\u00f3n de los m\u00e9ritos de las solicitudes presentadas as\u00ed como la documentaci\u00f3n preceptiva justificadora del cumplimiento. En cualquier caso, los m\u00e9ritos tendr\u00e1n que acreditarse por medio de la presentaci\u00f3n de los documentos originales o debidamente compulsados.<\/p>\n<p>La puntuaci\u00f3n m\u00e1xima posible a obtener son 30 puntos. Cada apartado indica la puntuaci\u00f3n m\u00ednima y m\u00e1xima que se puede obtener. As\u00ed mismo se indica si las caracter\u00edsticas a evaluar tienen que ser cumplidas por la persona titular o por la que pudiera ejercer la venta o por el producto o la ubicaci\u00f3n de la actividad.<\/p>\n<p>&nbsp;<\/p>\n<table class=\"t1\" cellspacing=\"0\" cellpadding=\"0\">\n<tbody>\n<tr>\n<td class=\"td1\" valign=\"top\"><\/td>\n<td class=\"td1\" valign=\"top\"><strong>BAREMO<\/strong><\/td>\n<td class=\"td1\" valign=\"top\"><strong>ACREDITACI\u00d3N<\/strong><\/td>\n<\/tr>\n<tr>\n<td class=\"td1\" valign=\"top\"><strong>1. PROXIMIDAD<\/strong><\/td>\n<td class=\"td1\" valign=\"top\"><strong>De 0 a 10 puntos (categor\u00edas excluyentes)<\/strong><\/td>\n<\/tr>\n<tr>\n<td class=\"td1\" valign=\"top\">a) M\u00e1s del 50% de la superficie de las explotaciones donde se cultiva o elabora el producto que se tiene que vender se encuentran ubicadas en la comarca de l\u2019Horta (Horta Nord, Sud, Oest y t\u00e9rmino de Val\u00e8ncia).<\/td>\n<td class=\"td1\" valign=\"top\">1<span class=\"Apple-converted-space\">0<\/span><\/td>\n<td class=\"td1\" valign=\"top\">REGEPA o certificado emitido por Administraci\u00f3n local u otra entidad con competencias en agricultura, donde se identifique el municipio, el pol\u00edgono y la parcela catastral y la tipolog\u00eda del cultivo.<\/td>\n<\/tr>\n<tr>\n<td class=\"td1\" valign=\"top\">b) M\u00e1s del 50% de la superficie de las explotaciones donde se cultiva o elabora el producto que se tiene que vender se encuentran ubicadas en comarcas lim\u00edtrofes a la comarca de l\u2019Horta.<\/td>\n<td class=\"td1\" valign=\"top\">7<\/td>\n<td class=\"td1\" valign=\"top\">REGEPA o certificado emitido por Administraci\u00f3n local u otra entidad con competencias en agricultura, donde se identifique el municipio, el pol\u00edgono y la parcela catastral y la tipolog\u00eda del cultivo.<\/td>\n<\/tr>\n<tr>\n<td class=\"td1\" valign=\"top\">c) M\u00e1s del 50% de la superficie de las explotaciones donde se cultiva o elabora el producto que se tiene que vender se encuentran ubicadas en las comarcas de la Foia de Bunyol, la Canal de Navarr\u00e9s, la Vall d\u2019Albaida, la Safor, la Costera, la Vall de Cofrents, la Plana d\u2019Utiel, els Serrans, el Rac\u00f3 d\u2019Adem\u00fas, la Plana Baixa o l\u2019Alt Pal\u00e0ncia.<\/td>\n<td class=\"td1\" valign=\"top\">5<\/td>\n<td class=\"td1\" valign=\"top\">REGEPA o certificado emitido por Administraci\u00f3n local u otra entidad con competencias en agricultura, donde se identifique el municipio, el pol\u00edgono y la parcela catastral y la tipolog\u00eda del cultivo.<\/td>\n<\/tr>\n<tr>\n<td class=\"td1\" valign=\"top\">d) M\u00e1s del 50% de la superficie de las explotaciones donde se cultiva o elabora el producto que se tiene que vender se encuentran ubicadas en otras comarcas de la Comunitat Valenciana.<\/td>\n<td class=\"td1\" valign=\"top\">3<\/td>\n<td class=\"td1\" valign=\"top\">REGEPA o certificado emitido por Administraci\u00f3n local u otra entidad con competencias en agricultura, donde se identifique el municipio, el pol\u00edgono y la parcela catastral y la tipolog\u00eda del cultivo.<\/td>\n<\/tr>\n<tr>\n<td class=\"td1\" valign=\"top\">e) Otras ubicaciones.<\/td>\n<td class=\"td1\" valign=\"top\"><span class=\"Apple-converted-space\">0\u00a0<\/span><\/td>\n<td class=\"td1\" valign=\"top\">REGEPA o certificado emitido por Administraci\u00f3n local u otra entidad con competencias en agricultura, donde se identifique el municipio, el pol\u00edgono y la parcela catastral y la tipolog\u00eda del cultivo.<\/td>\n<\/tr>\n<tr>\n<td class=\"td1\" valign=\"top\"><strong>2. CALIDAD MEDIOAMBIENTAL del producto a comercializar<\/strong><\/td>\n<td class=\"td1\" valign=\"top\"><span class=\"s1\"><strong>De 0 a 8 <strong>puntos (sumatorio de las categor\u00edas)<\/strong><\/strong><\/span><\/td>\n<\/tr>\n<tr>\n<td class=\"td1\" valign=\"top\">a) Producto proveniente de la producci\u00f3n ecol\u00f3gica certificada, en la totalidad de las parcelas y productos a autorizar.<\/td>\n<td class=\"td1\" valign=\"top\">3<\/td>\n<td class=\"td1\" valign=\"top\">Certificado, emitido por autoridad competente, que acredite el tipo de producci\u00f3n.<\/td>\n<\/tr>\n<tr>\n<td class=\"td1\" valign=\"top\">b) Producto avalado por un Sistema Participativo de Garant\u00eda, en la totalidad de las parcelas y productos a autorizar.<\/td>\n<td class=\"td1\" valign=\"top\">3<\/td>\n<td class=\"td1\" valign=\"top\">Certificado, emitido por autoridad competente, que acredite el tipo de producci\u00f3n.<\/td>\n<\/tr>\n<tr>\n<td class=\"td1\" valign=\"top\">c) Producto proveniente de la Producci\u00f3n Integrada o avalado por otras certificaciones privadas.<\/td>\n<td class=\"td1\" valign=\"top\">1<\/td>\n<td class=\"td1\" valign=\"top\">Certificado, emitido por autoridad competente, que acredite el tipo de producci\u00f3n.<\/td>\n<\/tr>\n<tr>\n<td class=\"td1\" valign=\"top\">d) Producto avalado por una marca de Parque Natural.<\/td>\n<td class=\"td1\" valign=\"top\">1<\/td>\n<td class=\"td1\" valign=\"top\">Certificado, emitido por autoridad competente, que acredite el tipo de producci\u00f3n.<\/td>\n<\/tr>\n<tr>\n<td class=\"td1\" valign=\"top\">e) Pesca artesanal.<\/td>\n<td class=\"td1\" valign=\"top\">1<\/td>\n<td class=\"td1\" valign=\"top\">Certificado, emitido por autoridad competente, que acredite el tipo de producci\u00f3n.<\/td>\n<\/tr>\n<tr>\n<td class=\"td1\" valign=\"top\">f) Otras certificaciones de calidad ambiental legalmente reconocidas.<\/td>\n<td class=\"td1\" valign=\"top\">1<\/td>\n<td class=\"td1\" valign=\"top\"><\/td>\n<\/tr>\n<tr>\n<td class=\"td1\" valign=\"top\"><strong>3. ZONAS RURALES DEPRIMIDAS<\/strong><\/td>\n<td class=\"td1\" valign=\"top\"><strong>De 0 a 2 <strong>puntos (categor\u00edas excluyentes)<\/strong><\/strong><\/td>\n<td class=\"td1\" valign=\"top\"><\/td>\n<\/tr>\n<tr>\n<td class=\"td1\" valign=\"top\">a) Explotaci\u00f3n situada en la mayor parte en zonas de monta\u00f1a, seg\u00fan el PDR de la Comunitat Valenciana 2014-2020 (o futuros).<\/td>\n<td class=\"td1\" valign=\"top\">2<\/td>\n<td class=\"td1\" valign=\"top\">REGEPA o certificado emitido por Administraci\u00f3n local u otra entidad con competencias en agricultura, donde se identifique el municipio, el pol\u00edgono y la parcela catastral y la tipolog\u00eda del cultivo.<\/td>\n<\/tr>\n<tr>\n<td class=\"td1\" valign=\"top\">b) Explotaci\u00f3n situada en su mayor parte en zonas con limitaciones naturales u otras limitaciones espec\u00edficas, seg\u00fan el PDR de la Comunitat Valenciana 2014-2020 (o futuros) o en zonas incluidas en la red Natura 2000.<\/td>\n<td class=\"td1\" valign=\"top\">1<\/td>\n<td class=\"td1\" valign=\"top\">REGEPA o certificado emitido por Administraci\u00f3n local u otra entidad con competencias en agricultura, donde se identifique el municipio, el pol\u00edgono y la parcela catastral y la tipolog\u00eda del cultivo.<\/td>\n<\/tr>\n<tr>\n<td class=\"td1\" valign=\"top\"><strong>4. PERTENENCIA A COLECTIVOS ESPEC\u00cdFICOS (referidos a personas que ejercer\u00e1n la venta o la producci\u00f3n seg\u00fan el caso)<\/strong><\/td>\n<td class=\"td1\" valign=\"top\"><span class=\"s1\"><strong>De 0 a 3 puntos <\/strong><\/span><strong>(sumatorio de las categor\u00edas) <\/strong><\/td>\n<\/tr>\n<tr>\n<td class=\"td1\" valign=\"top\">a) Persona productora. J\u00f3venes (menores de 41 a\u00f1os) en el momento de presentar la solicitud.<\/td>\n<td class=\"td1\" valign=\"top\">1<\/td>\n<td class=\"td1\" valign=\"top\">Documento de identidad en vigor<\/td>\n<\/tr>\n<tr>\n<td class=\"td1\" valign=\"top\">b) Persona productora. Mujeres.<\/td>\n<td class=\"td1\" valign=\"top\">1<\/td>\n<td class=\"td1\" valign=\"top\">Documento de identidad en vigor<\/td>\n<\/tr>\n<tr>\n<td class=\"td1\" valign=\"top\">c) Personas que ejercer\u00e1n la venta o la producci\u00f3n. Personas pertenecientes a alguno de los siguientes colectivos en riesgo de exclusi\u00f3n social: C1.Familias monoparentales C2.Familias numerosas C3.V\u00edctimas de violencia de g\u00e9nero C4.Personas paradas de larga duraci\u00f3n C5.Perceptoras de rentas m\u00ednimas C6.Personas con discapacidad C7.Solicitantes de asilo C8. Migrantes C9. Pertenecientes a otras minor\u00edas<\/td>\n<td class=\"td1\" valign=\"top\">1<\/td>\n<td class=\"td1\" valign=\"top\">c) Se acredita mediante los certificados siguientes: C1.Carn\u00e9 de familia monoparental C2.Carn\u00e9 de familia numerosa C3.Sentencia judicial C4. Informe de periodo de inscripci\u00f3n (IPI) C5. Concesi\u00f3n \/ Informe social C6. Certificado de discapacidad C7. Solicitud o carn\u00e9 de refugiado C8. NIE C9. Informe social<\/td>\n<\/tr>\n<tr>\n<td class=\"td1\" valign=\"top\"><strong>5. CALIDAD DEL PRODUCTO (excluyente con calidad ambiental del producto)<\/strong><\/td>\n<td class=\"td1\" valign=\"top\"><strong>De 0 a 3 <strong>puntos (categor\u00edas excluyentes)<\/strong><\/strong><\/td>\n<td class=\"td1\" valign=\"top\"><strong>De 0 a 3 punts<\/strong><\/p>\n<p><strong>(categories excloents)<\/strong><\/td>\n<\/tr>\n<tr>\n<td class=\"td1\" valign=\"top\">a) Denominaci\u00f3n de Origen<\/td>\n<td class=\"td1\" valign=\"top\">3<\/td>\n<td class=\"td1\" valign=\"top\">Certificado emitido por el Consejo Regulador de la DO<\/td>\n<\/tr>\n<tr>\n<td class=\"td1\" valign=\"top\">b) Indicaci\u00f3n geogr\u00e1fica protegida<\/td>\n<td class=\"td1\" valign=\"top\">2<\/td>\n<td class=\"td1\" valign=\"top\">Certificado emitido por el Consejo Regulador de la IGP<\/td>\n<\/tr>\n<tr>\n<td class=\"td1\" valign=\"top\">c) Otras figuras de calidad<\/td>\n<td class=\"td1\" valign=\"top\">1<\/td>\n<td class=\"td1\" valign=\"top\">Certificado emitido por la entidad reguladora<\/td>\n<\/tr>\n<tr>\n<td class=\"td1\" valign=\"top\"><strong>6. ECONOM\u00cdA SOCIAL <\/strong><\/td>\n<td class=\"td1\" valign=\"top\"><span class=\"s1\"><strong>De 0 a 2 puntos (sumatorio de las categor\u00edas) <\/strong><\/span><\/td>\n<\/tr>\n<tr>\n<td class=\"td1\" valign=\"top\">a) Entidades de la Econom\u00eda Social (seg\u00fan la Ley 5\/2011 del 29 de marzo)<\/td>\n<td class=\"td1\" valign=\"top\">1<\/td>\n<td class=\"td1\" valign=\"top\">Estatutos de la entidad<\/td>\n<\/tr>\n<tr>\n<td class=\"td1\" valign=\"top\">b) Iniciativas con certificado de Auditor\u00eda Social, Balance Social, Balance del bien com\u00fan, o certificado equivalente.<\/td>\n<td class=\"td1\" valign=\"top\">1<\/td>\n<td class=\"td1\" valign=\"top\">Informe de la auditor\u00eda, balance o procedimiento an\u00e1logo<\/td>\n<\/tr>\n<tr>\n<td class=\"td1\" valign=\"top\"><strong>7. PROYECTOS DE INCLUSI\u00d3N<\/strong><\/td>\n<td class=\"td1\" valign=\"top\"><span class=\"s1\"><strong>De 0 a 2 <strong>puntos (categor\u00edas excluyentes)<\/strong><\/strong><\/span><\/td>\n<td class=\"td1\" valign=\"top\"><\/td>\n<\/tr>\n<tr>\n<td class=\"td1\" valign=\"top\">a) Entidades, empresas u otras organizaciones con m\u00e1s de un 33% de personas en riesgo de exclusi\u00f3n social.<\/td>\n<td class=\"td1\" valign=\"top\">2<\/td>\n<td class=\"td1\" valign=\"top\">Estatutos y memoria asociada sobre acciones espec\u00edficas en los \u00faltimos dos a\u00f1os. Certificado de la entidad con el listado de trabajadores donde conste el tanto por ciento de personas en riesgo de exclusi\u00f3n social.<\/td>\n<\/tr>\n<tr>\n<td class=\"td1\" valign=\"top\">b) Entidades que trabajan con personas en riesgo de exclusi\u00f3n<\/td>\n<td class=\"td1\" valign=\"top\">1<\/td>\n<td class=\"td1\" valign=\"top\">Estatutos y memoria asociada sobre acciones espec\u00edficas en los \u00faltimos dos a\u00f1os.<\/td>\n<\/tr>\n<\/tbody>\n<\/table>\n<p>Las autorizaciones municipales de venta se otorgar\u00e1n a las solicitudes que consigan, seg\u00fan el baremo aprobado, el n\u00famero mayor de puntos. En ning\u00fan caso se podr\u00e1 conceder m\u00e1s de una autorizaci\u00f3n por mercado, por persona, f\u00edsica o jur\u00eddica. Tampoco se conceder\u00e1 m\u00e1s de una autorizaci\u00f3n a diferentes personas jur\u00eddicas cuando se aprecie entre ellas coincidencia de las personas f\u00edsicas intervinientes o su participaci\u00f3n o control mayoritario.<\/p>\n<p>La valoraci\u00f3n y c\u00f3mputo de las propuestas admitidas ser\u00e1 llevada a cabo por una comisi\u00f3n de evaluaci\u00f3n que estar\u00e1 conformada por cinco miembros:<\/p>\n<ul>\n<li>Presidencia: titular de la concejal\u00eda competente en agricultura o funcionario\/a en quien delegue.<\/li>\n<li class=\"p3\">Secretar\u00eda: secretar\u00eda del Consell Agrari Municipal o persona en quien delegue.<\/li>\n<li class=\"p3\">Un funcionario\/a del servicio municipal competente en mercados.<\/li>\n<li class=\"p3\">Uno\/a funcionario\/a del servicio municipal competente en agricultura.<\/li>\n<li>Uno\/a funcionario\/a designado\/a por el servicio municipal con competencias en materia de bienestar social.<\/li>\n<\/ul>\n<p>Esta comisi\u00f3n elaborar\u00e1 una lista provisional de las candidaturas autorizadas y su baremaci\u00f3n, una relaci\u00f3n de las candidaturas que tienen que subsanar documentaci\u00f3n y de las propuestas inicialmente excluidas por no reunir los requisitos generales.<\/p>\n<p>La lista se publicar\u00e1 en la web del Consell Agrari Municipal y en la p\u00e1gina web del Ayuntamiento de Val\u00e8ncia y se conceder\u00e1 un plazo de diez d\u00edas para formular alegaciones.<\/p>\n<p>Una vez transcurrido el plazo mencionado y con un informe previo de las reclamaciones presentadas, la concejal\u00eda con competencias en agricultura aprobar\u00e1 la relaci\u00f3n definitiva de candidaturas seleccionadas para el ejercicio de la venta no sedentaria as\u00ed como la baremaci\u00f3n correspondiente. Esta relaci\u00f3n se publicar\u00e1 en el web del Ayuntamiento de Val\u00e8ncia y en el web del Consell Agrari Municipal.<\/p>\n<hr \/>\n<p><strong>6.2. Adjudicaci\u00f3n de las paradas a los mercados <\/strong><\/p>\n<p>Con la lista baremada definitiva se crear\u00e1 una bolsa \u00fanica para cubrir todas las paradas de los mercados disponibles con el siguiente procedimiento:<\/p>\n<p>Finalizado el citado plazo de alegaciones a la lista baremada y resueltas las alegaciones que se puedan presentar, se convocar\u00e1 un acto p\u00fablico de adjudicaci\u00f3n donde se realizar\u00e1 el procedimiento de cobertura de las paradas con las personas f\u00edsicas y jur\u00eddicas que conforman la lista baremada.<\/p>\n<p>Las ubicaciones se otorgar\u00e1n teniendo en cuenta la orden resultante de la puntuaci\u00f3n obtenida, de forma que la candidatura que haya obtenido mayor puntuaci\u00f3n escoger\u00e1 parada vacante en funci\u00f3n de su tipolog\u00eda y seg\u00fan su preferencia, y as\u00ed sucesivamente.<\/p>\n<p>En el proceso de adjudicaci\u00f3n se considerar\u00e1n los criterios de fomento de la diversidad de tipolog\u00edas productos y de cobertura equitativa de los 4 mercados siguiendo las definiciones de tipolog\u00edas de paradas descritas para cada mercado en el anexo I Superficie y descripci\u00f3n de los mercados.<\/p>\n<p>En el supuesto de que se den los siguientes casos particulares, se resolver\u00e1 de la manera siguiente:<\/p>\n<p><strong>a<\/strong>. En el caso en que haya dos o m\u00e1s participantes dentro de una misma tipolog\u00eda que est\u00e9n empatados a puntos en la baremaci\u00f3n, primar\u00e1 el criterio de proximidad. Si tambi\u00e9n est\u00e1n empatados en este criterio se har\u00e1 un sorteo para determinar la orden de prelaci\u00f3n.<\/p>\n<p><strong>b<\/strong>. Una vez finalizada la ronda de solicitudes, las personas participantes que hayan indicado en la solicitud que presentan propuesta adem\u00e1s de un mercado podr\u00e1n volver a escoger, siguiendo de nuevo la orden de la baremaci\u00f3n y teniendo en cuenta que la nueva autorizaci\u00f3n no podr\u00e1 ser para el mismo mercado en el que ya han hayan obtenido parada en la ronda anterior. Este procedimiento se repetir\u00e1 hasta que se acaben las paradas para adjudicar o las candidaturas disponibles.<\/p>\n<p><strong>c<\/strong>. Si, acabado el procedimiento quedan paradas no cubiertas de alguna tipolog\u00eda, en alguno de los mercados, mientras que en otros hay participantes que no han obtenido ninguna, se podr\u00e1 considerar la posibilidad de traspasar vacantes de una tipolog\u00eda a otra.<\/p>\n<p>Aquellas personas que formando parte del listado definitivo no obtengan autorizaci\u00f3n, o deseen estar disponibles para posibles vacantes, pasar\u00e1n a formar parte de una bolsa o lista de espera la cual funcionar\u00e1 seg\u00fan se especifica m\u00e1s adelante, en el punto 8.<\/p>\n<hr \/>\n<p><strong>6.3. Presentaci\u00f3n de la documentaci\u00f3n para aquellas propuestas seleccionadas <\/strong><\/p>\n<p>En el plazo de 15 d\u00edas h\u00e1biles a partir del d\u00eda siguiente al de la publicaci\u00f3n de la lista provisional, las personas que hayan resultado seleccionadas tienen que presentar instancia en el Registro General de Entrada, o a trav\u00e9s de la sede electr\u00f3nica municipal, acompa\u00f1ada de la documentaci\u00f3n siguiente:<\/p>\n<p class=\"p5\"><strong>a<\/strong>. Comunicaci\u00f3n de la persona o personas que ejercer\u00e1n la actividad en cada punto de venta, y acreditar documentalmente que cumplen todos los requisitos necesarios.<\/p>\n<p class=\"p5\"><strong>b<\/strong>. Documentaci\u00f3n que acredite el cumplimiento de los requisitos generales.<\/p>\n<p class=\"p5\"><strong>c<\/strong>. Declaraci\u00f3n responsable firmada por la persona solicitante en la cual se compromete a cumplir con los condicionantes estipulados por el Decreto 201\/2017 regulador de la venta de proximidad, por lo que respecta a la identificaci\u00f3n de los productos, la higiene, la trazabilidad y el registro de las ventas, entre otros.<\/p>\n<p class=\"p5\"><strong>d<\/strong>. Modelo de declaraci\u00f3n de origen del producto seg\u00fan el modelo que se determine.<\/p>\n<p class=\"p5\"><strong>e<\/strong>. Justificando del ingreso al Ayuntamiento de Val\u00e8ncia, en concepto de tasa repercutida por la ocupaci\u00f3n y aprovechamiento del dominio p\u00fablico, seg\u00fan los precios especificados en el anexo V.<\/p>\n<p class=\"p5\"><strong>f<\/strong>. Dos fotograf\u00edas de dimensiones de carn\u00e9 de la persona titular de la autorizaci\u00f3n y, de las personas autorizadas para la venta, en caso de que sean diferentes a la persona titular de la parada.<\/p>\n<p class=\"p5\"><strong>g<\/strong>. Seguro de responsabilidad civil.<\/p>\n<p class=\"p5\"><strong>h<\/strong>. En el caso de autorizar a personas colaboradoras o contratadas para el ejercicio de venta, tambi\u00e9n tendr\u00e1 que aportar:<\/p>\n<ul>\n<li>\n<ul>\n<li class=\"p5\">La documentaci\u00f3n que acredito el desempe\u00f1o de los requisitos generales que tienen que cumplir las personas colaboradoras o contratadas en materia de formaci\u00f3n higi\u00e9nica y sanitaria.<\/li>\n<li>Declaraci\u00f3n responsable relativa al hecho de que las personas propuestas no incurren en ninguna situaci\u00f3n de las descritas en este documento como inhabilitantes para el ejercicio de la actividad (deudas con el ayuntamiento, sancionadas en el ejercicio de la actividad de venta no sedentaria u otras).<\/li>\n<li class=\"p3\">La documentaci\u00f3n que acredite la relaci\u00f3n laboral o legal que la relaciona con la persona f\u00edsica o jur\u00eddica adjudicataria.<\/li>\n<li>En el caso de autorizar a personas colaboradoras, para demostrar la relaci\u00f3n y grado de parentesco, se tendr\u00e1 que presentar el libro de familia que lo justifique.<\/li>\n<\/ul>\n<\/li>\n<\/ul>\n<p>Las candidaturas que no presentan la documentaci\u00f3n requerida dentro del plazo indicado a este efecto quedar\u00e1n autom\u00e1ticamente excluidas de la propuesta de autorizaciones, y en ese caso, se requerir\u00e1 formalmente la siguiente candidatura interesada siguiendo el orden de la bolsa, para que dentro del plazo de diez d\u00edas h\u00e1biles presente la documentaci\u00f3n requerida. Finalizado el plazo de presentaci\u00f3n de documentaci\u00f3n, se elevar\u00e1 a aprobaci\u00f3n, mediante una resoluci\u00f3n de la Concejal\u00eda de Agricultura, Alimentaci\u00f3n Sostenible y Horta, la lista definitiva de personas autorizadas, la cual ser\u00e1 publicada en el web del Consell Agrari Municipal y en el web del Ayuntamiento de Val\u00e8ncia.<\/p>\n<hr \/>\n<p><strong>6.4. Inicio de la actividad de venta <\/strong><\/p>\n<p>La fecha de inicio de la actividad de venta ser\u00e1 comunicada a las personas que resultan autorizadas y se publicar\u00e1 en el web del Consell Agrari Municipal y en el web del Ayuntamiento de Val\u00e8ncia.<\/p>\n<p><strong>7. VIGENCIA DE LAS AUTORIZACIONES <\/strong><\/p>\n<p><strong>7.1. Duraci\u00f3n de las autorizaciones: <\/strong><\/p>\n<p>Las autorizaciones municipales para el desarrollo de la actividad comercial en los mercados de venta no sedentaria peri\u00f3dicos se conceder\u00e1n por un plazo de quince a\u00f1os, de conformidad con lo dispuesto en el art\u00edculo 26 de la Ordenanza de venda no sedent\u00e0ria y en el art\u00edculo 10.2 del Decreto 65\/2012, de 20 de abril, del Consell de la Generalitat Valenciana.<\/p>\n<hr \/>\n<p><strong>7.2. Renuncias no justificadas: <\/strong><\/p>\n<p>La presentaci\u00f3n de una renuncia sin motivos debidamente justificados, por parte de una persona a la cual como resultado del baremo y, en su caso, realizado el procedimiento de adjudicaci\u00f3n, se le haya adjudicado un lugar con car\u00e1cter provisional, implicar\u00e1 pasar al \u00faltimo lugar en la bolsa para cubrir vacantes.<\/p>\n<hr \/>\n<p><strong>7.3. Causas de extinci\u00f3n de las autorizaciones <\/strong><\/p>\n<p>Las autorizaciones municipales podr\u00e1n ser revocadas, con el procedimiento administrativo correspondiente previo, sin derecho a indemnizaci\u00f3n, por las causas indicadas en el art\u00edculo 32 de la Ordenanza de venta no sedent\u00e0ria. Las autorizaciones podr\u00e1n ser extinguidas por el Ayuntamiento, con audiencia previa de la persona titular, por las causas indicadas en el art\u00edculo 32, as\u00ed como por ejercer la venda de productos agroalimentarios sin respetar la normativa sanitaria al respeto.<\/p>\n<hr \/>\n<p><strong>7.4. Transmisi\u00f3n de las autorizaciones <\/strong><\/p>\n<p>Aquellas personas f\u00edsicas o jur\u00eddicas que hayan obtenido la autorizaci\u00f3n de venta no pueden proceder a la transmisi\u00f3n de \u00e9sta hasta que no hayan transcurrido tres a\u00f1os desde la aprobaci\u00f3n de la relaci\u00f3n definitiva de personas seleccionadas, tal y como establece el art\u00edculo 27 de la Ordenanza de venta no sedentaria. En el caso de personas que hayan obtenido la autorizaci\u00f3n mediante transmisi\u00f3n de la misma no podr\u00e1n, a su vez, transmitirla hasta que haya transcurrido al menos un a\u00f1o desde la transmisi\u00f3n.<\/p>\n<p>La nueva persona titular solo podr\u00e1 vender la misma tipolog\u00eda de art\u00edculos amparada en la autorizaci\u00f3n transmitida.<\/p>\n<p>La autorizaci\u00f3n transmitida habilita a la nueva persona titular para el ejercicio de la venta durante el plazo de vigencia que reste a la autorizaci\u00f3n original y espec\u00edficamente en los mercados y ubicaciones que tenga asignados la autorizaci\u00f3n original.<\/p>\n<p>Los requisitos para optar a la transmisi\u00f3n, la documentaci\u00f3n que tiene que aportar, as\u00ed como el derecho preferente a la transmisi\u00f3n de autorizaciones queda reflejado en los art\u00edculos 27, 28, 29 y 30 de la Ordenanza de venta no sedentaria.<\/p>\n<hr \/>\n<p><strong>7.5 Cambio en la tipolog\u00eda de producto autorizado para la venta <\/strong><\/p>\n<p>Excepcionalmente se puede solicitar el cambio o ampliaci\u00f3n de art\u00edculos autorizados para la venta, de conformidad con lo previsto en la Ordenanza de venta no sedentaria, pero con la necesidad de informe y resoluci\u00f3n favorable de la concejal\u00eda con competencias en agricultura que eval\u00fae la conveniencia para garantizar la diversidad de producto y el mantenimiento del modelo comercial del mercado.<\/p>\n<p><strong>8. CREACI\u00d3N Y FUNCIONAMIENTO DE LA BOLSA DE VACANTES <\/strong><\/p>\n<p>La bolsa estar\u00e1 conformada por todas las candidaturas v\u00e1lidamente presentadas, tanto si han obtenido autorizaci\u00f3n como si no.<\/p>\n<p>Se utilizar\u00e1 en caso de vacantes por renuncia, extinci\u00f3n de autorizaci\u00f3n u otras. Las autorizaciones que se extingan o se revoquen por algunas de las causas se\u00f1aladas en el apartado 7.4. podr\u00e1n pasar a ser consideradas vacantes.<\/p>\n<p>El Ayuntamiento confeccionar\u00e1 peri\u00f3dicamente una lista de las vacantes que se encuentren disponibles en los cuatro mercados y se publicaran en el web del Consell Agrari Municipal, de esta publicaci\u00f3n se dar\u00e1 conocimiento en la p\u00e1gina web municipal.<\/p>\n<p>Aquellas persones candidatas que formen parte de la bolsa anteriormente citada, tendr\u00e1n prioridad para solicitar una vacante. Si la vacante no queda cubierta con las candidatas de la bolsa, podr\u00e1n presentarse nuevas solicitudes por parte de nuevas candidaturas.<\/p>\n<p>El plazo para solicitar una vacante ser\u00e1 de quince d\u00edas h\u00e1biles, tal y como queda reflejado en el art\u00edculo 50 de la Ordenanza de venta no sedentaria, a partir de la \u00faltima fecha de publicaci\u00f3n. As\u00ed mismo, hay que adjuntar la solicitud de vacante y toda la documentaci\u00f3n requerida. Finalizado el plazo, el Ayuntamiento proceder\u00e1 a la adjudicaci\u00f3n, con el estudio previo de las solicitudes presentadas.[\/vc_column_text][\/vc_tta_section][vc_tta_section title=\u00bbT\u00cdTULO III. FUNCIONAMIENTO DEL MERCADO\u00bb tab_id=\u00bbtit3&#8243;][vc_column_text]<strong>9. DERECHOS DE LAS PERSONAS VENDEDORAS <\/strong><\/p>\n<p>Los derechos de las personas autorizadas a la venta no sedentaria son aquellos que quedan recogidos en el art\u00edculo 33 de la Ordenanza de venta no sedentaria. As\u00ed mismo, tal como se indica en el art\u00edculo 34, tendr\u00e1n derechos de asociaci\u00f3n y sindicaci\u00f3n, y se podr\u00e1 constituir cualquier f\u00f3rmula asociativa con el objeto de fomentar la iniciativa comercial, la colaboraci\u00f3n en la gesti\u00f3n del mercado, la participaci\u00f3n y la responsabilidad.<\/p>\n<p><strong>10. FIGURAS DE GOBERNANZA <\/strong><\/p>\n<p>De acuerdo con el que estipula la disposici\u00f3n adicional quinta de la Ordenanza de venta no sedentaria, los criterios de funcionamiento, organizaci\u00f3n y supervisi\u00f3n de los mercados extraordinarios fijos de venta directa de producto alimentario tienen que considerar y promover la participaci\u00f3n y gesti\u00f3n directa por parte de las personas f\u00edsicas o jur\u00eddicas autorizadas con la colaboraci\u00f3n de los diferentes servicios municipales. Con esta finalidad, en cada nuevo mercado se constituir\u00e1, de manera paralela al inicio de la actividad de venta, una comisi\u00f3n del mercado.<\/p>\n<p>Esta comisi\u00f3n del mercado tienen que estar conformada necesariamente por las personas siguientes:<\/p>\n<p><strong>a<\/strong> Todas y cada una de las personas f\u00edsicas o jur\u00eddicas adjudicatarias de una licencia en el mercado.<\/p>\n<p><strong>b<\/strong> Una representaci\u00f3n de la concejal\u00eda con competencias en agricultura.<\/p>\n<p>Adem\u00e1s de estos miembros de participaci\u00f3n obligada, en la comisi\u00f3n del mercado pueden participar personas representantes de la sociedad civil organizada, representantes del comercio de barrio, asociaciones vecinales, organizaciones de defensa de los derechos de las personas consumidoras, etc. La participaci\u00f3n de estas entidades ser\u00e1 formalizada con la autorizaci\u00f3n previa de la concejal\u00eda con competencias en agricultura.<\/p>\n<p>Las decisiones operativas que adopte la Comisi\u00f3n del Mercado tienen que ser acordes con las normativas municipales o supramunicipales en cada materia y contar con la participaci\u00f3n de las instituciones con competencias espec\u00edficas en cada materia. Ser\u00e1 responsabilidad del personal t\u00e9cnico de la concejal\u00eda con competencias en agricultura asesorar a la Comisi\u00f3n del Mercado en este sentido.<\/p>\n<p>Las comisiones del mercado tendr\u00e1n los objetivos y funciones siguientes:<\/p>\n<p><strong>a<\/strong>. Servir de interlocuci\u00f3n de los intereses de cada mercado con el Ayuntamiento.<\/p>\n<p><strong>b<\/strong>. Trasladar los intereses o demandas de cada mercado al Ayuntamiento o administraci\u00f3n competente.<\/p>\n<p><strong>c<\/strong>. Asesorar el Ayuntamiento en materias relativas al buen funcionamiento del mercado.<\/p>\n<p><strong>d<\/strong>. Evaluar el funcionamiento general del mercado.<\/p>\n<p><strong>e<\/strong>. Colaborar en la supervisi\u00f3n y vigilancia del funcionamiento correcto del mercado y ejecutar las acciones de autocontrol que se determinan.<\/p>\n<p><strong>f<\/strong>. Definir y ejecutar iniciativas de difusi\u00f3n y dinamizaci\u00f3n del mercado y fomentar la integraci\u00f3n del mercado en el barrio.<\/p>\n<p><strong>g<\/strong>. Cualquier otra que contribuya al buen funcionamiento del mercado.<\/p>\n<p>La participaci\u00f3n en la Comisi\u00f3n del Mercado ser\u00e1 obligatoria para las personas f\u00edsicas o jur\u00eddicas autorizadas a montar parada en el mercado. La periodicidad m\u00ednima para las reuniones ser\u00e1 trimestral. Las reuniones tendr\u00e1n lugar, prioritariamente, durante las dos horas previas o posteriores al horario de apertura o cierre al p\u00fablico y en el espacio previsto para el mercado o adyacentes.<\/p>\n<p>La Comisi\u00f3n del Mercado, a los efectos que determina la disposici\u00f3n adicional 3a de la Ordenanza reguladora de la venta no sedentaria, puede adoptar una figura jur\u00eddica propia en la cual participar\u00e1n obligatoriamente todas las personas f\u00edsicas o jur\u00eddicas autorizadas y opcionalmente otras entidades participantes de la comisi\u00f3n.<\/p>\n<p>La concejal\u00eda con competencias en agricultura, para facilitar y acompa\u00f1ar el proceso de puesta en marcha de las diferentes comisiones de mercado, pondr\u00e1 a disposici\u00f3n de este proceso personal t\u00e9cnico especializado.<\/p>\n<p><strong>11. NORMAS T\u00c9CNICAS DE FUNCIONAMIENTO <\/strong><\/p>\n<p><strong>11.1. D\u00edas de mercado y horarios <\/strong><\/p>\n<p>Los mercados funcionaran (ver d\u00eda espec\u00edfico de cada mercado en el anexo I) en horario comprendido entre las 09.00 y las 14.00 horas, excepto v\u00edspera de festivo y festivos autorizados, que ser\u00e1 entre las 09.00 y las 15.00 horas.<\/p>\n<p>La actividad de venta podr\u00e1 ser suspendida temporalmente por obras, otras causas de inter\u00e9s p\u00fablico o por coincidencia con algunas festividades o acontecimientos, tal y como queda recogido en el art\u00edculo 51 de la Ordenanza de venta no sedentaria. No obstante, las comisiones de mercado pueden acordar con el organismo municipal competente una nueva ubicaci\u00f3n, con autorizaci\u00f3n previa.<\/p>\n<p>Las tareas de carga y descarga de g\u00e9neros y limpieza tienen que efectuarse una hora antes y despu\u00e9s del citado horario y queda prohibida la circulaci\u00f3n y estacionamiento de veh\u00edculos en el interior del mercado.<\/p>\n<hr \/>\n<p><strong>11.2. Supervisi\u00f3n de los mercados <\/strong><\/p>\n<p>La supervisi\u00f3n y control de los mercados, tal y como recoge el art\u00edculo 57 de la Ordenanza de venta no sedentaria, en la cl\u00e1usula adicional quinta, para el caso de los mercados de venta directa agroalimentaria, corresponder\u00e1, de manera gen\u00e9rica, a la concejal\u00eda con competencias en agricultura y al resto de servicios de inspecci\u00f3n en materia espec\u00edfica de su competencia.<\/p>\n<p>Al mismo tiempo la propia disposici\u00f3n adicional quinta, como ya se ha expresado en el apartado relativo a la organizaci\u00f3n y gobernanza, especifica que el funcionamiento, organizaci\u00f3n y supervisi\u00f3n de estos mercados tiene que considerar y promover la participaci\u00f3n y gesti\u00f3n directa por parte de las personas f\u00edsicas o jur\u00eddicas autorizadas con la colaboraci\u00f3n de los diferentes servicios municipales y que con esta finalidad, se promover\u00e1 la creaci\u00f3n de figuras asociativas espec\u00edficas que puedan asumir alguna de las competencias o funciones municipales para la gesti\u00f3n de los mercados.<\/p>\n<p>Esta participaci\u00f3n y cogesti\u00f3n se concreta en la figura de la Comisi\u00f3n del Mercado tal y como es definida en el apartado anterior Organizaci\u00f3n \u2013 Figuras de gobernanza. En cualquier caso, la concejal\u00eda con competencias en agricultura, de manera directa o mediante el OAM Consell Agrari Municipal de Val\u00e8ncia o con otros recursos espec\u00edficos, velar\u00e1 por el buen funcionamiento de estos mercados y supervisar\u00e1 el desempe\u00f1o de cualquier norma de aplicaci\u00f3n a la actividad, bien directamente o en colaboraci\u00f3n con las autoridades competentes en la materia.<\/p>\n<p>La Comisi\u00f3n del Mercado propondr\u00e1, siempre de manera coordinada y previamente autorizada por las autoridades competentes en cada materia, las maneras de colaborar para establecer estrategias de cogesti\u00f3n de las competencias o funciones de los diferentes servicios municipales. Con esta finalidad se determinar\u00e1n protocolos y sistemas de autocontrol, que puedan asumir las personas autorizadas, para la ejecuci\u00f3n de determinadas tareas como por ejemplo la limpieza del espacio p\u00fablico y reciclaje, la supervisi\u00f3n del montaje correcto de las paradas en el tiempo y espacio determinados, la supervisi\u00f3n del desempe\u00f1o de las normas t\u00e9cnicas, sanitarias, comerciales o las relacionadas con los derechos de las personas consumidoras y usuarias, entre otras que se podr\u00edan determinar de mutuo acuerdo. Estas funciones podr\u00e1n ser ejecutadas directamente por las personas que conforman la Comisi\u00f3n del Mercado o delegadas a terceros con autorizaci\u00f3n previa por parte de la concejal\u00eda con competencias en agricultura y la concejal\u00eda con competencias espec\u00edficas en cada materia.<\/p>\n<p>En ausencia de propuestas concretas por parte de la Comisi\u00f3n del Mercado sobre las f\u00f3rmulas de cogesti\u00f3n y supervisi\u00f3n, ser\u00e1 imprescindible la implicaci\u00f3n de las personas o entidades autorizadas para el ejercicio de la venta en los mercados de venta no sedentaria de producto agroalimentario, como m\u00ednimo, en cada una de las materias siguientes:<\/p>\n<p><strong>a<\/strong> Limpieza del espacio p\u00fablico y reciclaje de residuos.<\/p>\n<p><strong>b<\/strong> Supervisi\u00f3n del correcto montaje de las paradas en el tiempo y espacio determinados.<\/p>\n<p><strong>c<\/strong> Supervisi\u00f3n del desempe\u00f1o de las normas t\u00e9cnicas, sanitarias, comerciales o las relacionadas con los derechos de las personas consumidoras y usuarias.La concejal\u00eda con competencias en agricultura puede establecer <i>motu proprio <\/i>las obligaciones y tareas que en las materias anteriores tienen que asumir los miembros de la Comisi\u00f3n del Mercado. El incumplimiento no justificado en la ejecuci\u00f3n correcta de estas obligaciones supondr\u00e1 una infracci\u00f3n leve de las previstas en el art\u00edculo 61 Infracciones leves punto <i>b<\/i>, del r\u00e9gimen sancionador de la Ordenanza de venta no sedentaria.<\/p>\n<p>La Comisi\u00f3n del Mercado propondr\u00e1 un calendario anual en el cual se determinar\u00e1 una persona (de entre las personas paradistas autorizadas y de manera rotativa) la cual se encargar\u00e1 de transmitir cualquier incidencia o necesidad de las recogidas durante cada jornada del mercado. Estas incidencias incluir\u00e1n la informaci\u00f3n b\u00e1sica del desempe\u00f1o (o no desempe\u00f1o) de las obligaciones de cada parada autorizada y de los compromisos de la Comisi\u00f3n del Mercado. La concejal\u00eda con competencias en agricultura determinar\u00e1 la persona de contacto por parte de la administraci\u00f3n y el canal de comunicaci\u00f3n para poder transmitir cualquier incidencia.<\/p>\n<hr \/>\n<p><strong>11.3. Obligaciones de las personas o entidades adjudicatarias <\/strong><\/p>\n<p>Adem\u00e1s de las obligaciones que hayan quedado recogidas en otros apartados de este documento, en los art\u00edculos 19, 35, 36, 37, 38, 39, 40, 41 y 42 de la Ordenanza de venta no sedentaria, as\u00ed como las recogidas en el art\u00edculo 7 del Decreto 65\/2012, de 20 de abril, del Consell, por el cual se regula la venta no sedentaria en la Comunitat Valenciana, se establecen espec\u00edficamente las obligaciones siguientes:<\/p>\n<p><strong>a<\/strong> Las personas titulares de la autorizaci\u00f3n tienen la obligaci\u00f3n de permanecer siempre en los lugares de venta durante las horas de funcionamiento del mercado, salvo que por motivo debidamente justificado tengan que ausentarse temporalmente. Esta obligaci\u00f3n recae sobre las personas f\u00edsicas titulares de autorizaci\u00f3n de venta o sobre la persona\/s designada\/s por las personas f\u00edsicas o jur\u00eddicas titulares de la autorizaci\u00f3n para el ejercicio de la venta. De la obligaci\u00f3n anterior se except\u00faan \u00fanicamente los supuestos siguientes, debidamente justificados documentalmente y comunicados previamente al Ayuntamiento:<\/p>\n<ul>\n<li>\n<ul>\n<li>Enfermedad acreditada por los servicios p\u00fablicos de salud.<\/li>\n<li>Atenci\u00f3n de obligaciones p\u00fablicas u oficiales de car\u00e1cter inexcusable.<\/li>\n<li class=\"p1\">Circunstancias de fuerza mayor u otras de car\u00e1cter excepcional o relacionadas con la temporalidad del producto que se tiene que vender.<\/li>\n<\/ul>\n<\/li>\n<\/ul>\n<p>En los casos que por cualquier motivo no justificado la persona titular o, en su caso, la autorizada, no se encuentran en el lugar de venta, se puede proceder a clausurarlo y a la revocaci\u00f3n de la autorizaci\u00f3n sin derecho a ninguna indemnizaci\u00f3n.<\/p>\n<p><strong>b<\/strong> Limpieza y eliminaci\u00f3n correcta de residuos. Los desechos, envases, envoltorios y el resto de residuos originados con motivo de la actividad comercial ser\u00e1n depositados en los contenedores instalados en los alrededores del lugar de celebraci\u00f3n del mercado, a fin de mantener el orden y limpieza del lugar adjudicado. La ubicaci\u00f3n de los contenedores tiene que ser respetada por los que sean titulares de las paradas.<\/p>\n<p>Tiene que cuidarse la no-acumulaci\u00f3n de cajas, envoltorios, envases, etc. durante el<\/p>\n<p>periodo de venta que pueda perjudicar a las o los vendedores lim\u00edtrofes, los escaparates o las exposiciones de establecimientos comerciales y p\u00fablico en general.<\/p>\n<p><strong>c<\/strong> En materia sanitaria ser\u00e1 preceptivo el cumplimiento de la <i>Gu\u00eda de pr\u00e1cticas correctas de higiene para la venta y preparaci\u00f3n de alimentos en mercados no sedentarios <\/i>(o documento normativo que la sustituya) y el Decreto 201\/2017, de 15 de diciembre, del Consell, por el cual se regula la venta de proximidad de productos primarios y agroalimentarios, como transposici\u00f3n de la normativa europea Reglamento (CE) 852\/2004 del Parlamento Europeo y del Consejo de 29 de abril de 2004, en materia tecnicosanitaria.<\/p>\n<p><strong>d<\/strong> Aquellas paradas que hayan propuesto alguna calidad espec\u00edfica de producto tienen que poder demostrar que el producto a la venta est\u00e1 certificado y no con solo que la persona productora est\u00e1 dada de alta en los registros pertinentes.<\/p>\n<p><strong>e<\/strong> Es obligatorio facilitar cualesquier trabajo de inspecci\u00f3n y verificaci\u00f3n del desempe\u00f1o de las obligaciones y requisitos relacionados con el ejercicio de la venta y las caracter\u00edsticas y trazabilidad del producto, sean estos trabajos realizados por personal propio del Ayuntamiento o por terceras personas autorizadas.<\/p>\n<p><strong>f<\/strong> El pago de cualquier canon, tasa o tributo que sea preceptiva para el ejercicio de la actividad.<\/p>\n<hr \/>\n<p><strong>11.4. Prohibiciones <\/strong><\/p>\n<p>Adem\u00e1s de las prohibiciones o limitaciones que quedan recogidas en otros apartados de este documento as\u00ed como en la Ordenanza municipal reguladora de la venta no sedentaria.<\/p>\n<p>Se especifican las siguientes:<\/p>\n<p><strong>a<\/strong> En ning\u00fan caso se podr\u00e1 conceder m\u00e1s de una autorizaci\u00f3n por mercado, por persona, f\u00edsica o jur\u00eddica. Tampoco se conceder\u00e1 m\u00e1s de una autorizaci\u00f3n a diferentes personas jur\u00eddicas cuando se aprecie entre ellas coincidencia de las personas f\u00edsicas intervinientes o su participaci\u00f3n o control mayoritario.<\/p>\n<p><strong>b<\/strong> Queda prohibido el arrendamiento y subarriendo de las paradas de venta o cualquier tipo de acto de disposici\u00f3n no autorizado o contrario a las ordenanzas y a estas bases.<\/p>\n<p><strong>c<\/strong> En el caso de instalarse generadores el\u00e9ctricos, habr\u00e1 que respetar escrupulosamente en materia de ruido el que dispone la Ordenanza municipal de protecci\u00f3n contra la contaminaci\u00f3n ac\u00fastica, aprobada por el Pleno del Ayuntamiento en fecha de 30 de mayo de 2008 y publicada en el <i>Bolet\u00edn Oficial de la Provincia <\/i>en fecha de 26 de junio de 2008, y otra normativa de aplicaci\u00f3n. Podr\u00e1 procederse a la retirada inmediata de aquellos que no respeten la referida normativa.<\/p>\n<p><strong>d<\/strong> No se permite la colocaci\u00f3n de extensiones, perchas, instalaciones o art\u00edculos de cualquier tipo fuera de los l\u00edmites del lugar de venta.<\/p>\n<p><strong>e<\/strong> La venta de productos diferentes a los autorizados.<\/p>\n<p><strong>f<\/strong> Queda terminantemente prohibida cualquier otra actividad econ\u00f3mica que no tenga como fin primordial la venta, exceptuando las acciones complementarias y gratuitas que se realicen para todo el p\u00fablico asistente.<\/p>\n<p><strong>g<\/strong> El ejercicio de la actividad de venta por persona no autorizada, sea en presencia o en ausencia del titular.<\/p>\n<p><strong>h<\/strong> Est\u00e1 terminantemente prohibida la uni\u00f3n de paradas pertenecientes a titulares diferentes.<\/p>\n<p><strong>i<\/strong> Se proh\u00edbe las permutas de ubicaciones de lugares, sin autorizaci\u00f3n previa.<\/p>\n<p><strong>j<\/strong> Se proh\u00edbe el ejercicio de la actividad de venta en parada diferente a la cual se ha otorgado autorizaci\u00f3n para el ejercicio de la venta, ya sea en calidad de persona titular o colaboradora.<\/p>\n<p><strong>k<\/strong> Queda expresamente prohibido, en todo caso, abandonar excedentes, materiales, envases, envoltorios, productos o cualquier residuo a la v\u00eda p\u00fablica, derivado del ejercicio de venta no sedentaria.<\/p>\n<hr \/>\n<p><strong>11.5. Infracciones y sanciones <\/strong><\/p>\n<p>Adem\u00e1s de las infracciones y sanciones que quedan recogidas en la Ordenanza municipal reguladora de la venta no sedentaria (cap\u00edtulo I y II), se considerar\u00e1 una infracci\u00f3n muy grave los comportamientos discriminatorios o de odio.<\/p>\n<p>Ser\u00e1n consideradas muy graves tambi\u00e9n todos aquellos incumplimientos de las obligaciones para ejercer la venta determinadas en el punto 11.3 as\u00ed como el incumplimiento de las caracter\u00edsticas evaluadas en el proceso de selecci\u00f3n y priorizaci\u00f3n de candidaturas.[\/vc_column_text][\/vc_tta_section][vc_tta_section title=\u00bbANEXOS\u00bb tab_id=\u00bbtit-annexos\u00bb][vc_column_text]<\/p>\n<h2>ANEXOS <a id=\"annexos\" class=\"_mPS2id-t\"><\/a><\/h2>\n<p><strong>ANEXO I <\/strong><\/p>\n<p><a href=\"https:\/\/valencia.consellagrari.com\/wp-content\/uploads\/2022\/08\/ANEXO-I.-SUPERFICIE-Y-DESCRIPCIO\u0301N-DE-LOS-MERCADOS-.pdf\">SUPERFICIE Y DESCRIPCI\u00d3N DE LOS MERCADOS<\/a><\/p>\n<p><strong>ANEXO II <\/strong><\/p>\n<p><a href=\"https:\/\/valencia.consellagrari.com\/wp-content\/uploads\/2022\/08\/ANEXO-II.-MODELO-DE-AUTOEVALUACIO\u0301N-DE-ME\u0301RITOS.pdf\">MODELO DE AUTOEVALUACI\u00d3N DE M\u00c9RITOS <\/a><\/p>\n<p><strong>ANEXO III <\/strong><\/p>\n<p><a href=\"https:\/\/valencia.consellagrari.com\/wp-content\/uploads\/2022\/08\/ANEXO-III.-DOCUMENTACIO\u0301N-A-ADJUNTAR-CON-LA-SOLICITUD..pdf\">MODELO DE SOLICITUD <\/a><\/p>\n<p><strong>ANEXO IV <\/strong><\/p>\n<p><a href=\"https:\/\/valencia.consellagrari.com\/wp-content\/uploads\/2022\/08\/ANEXO-IV.-DECLARACIO\u0301N-RESPONSABLE.pdf\">MODELO DE DECLARACI\u00d3N RESPONSABLE <\/a><\/p>\n<p><strong>ANEXO V <\/strong><\/p>\n<p><a href=\"https:\/\/valencia.consellagrari.com\/wp-content\/uploads\/2022\/08\/ANEXO-V.-TASA.pdf\">TASA<\/a><\/p>\n<p><strong>ANEXO VI <\/strong><\/p>\n<p><a href=\"https:\/\/valencia.consellagrari.com\/wp-content\/uploads\/2022\/08\/ANEXO-VI.-MODELO-DE-DECLARACIO\u0301N-DE-ORIGEN-DEL-PRODUCTO.pdf\">MODELO DECLARACI\u00d3N DE PRODUCTO <\/a>[\/vc_column_text][\/vc_tta_section][\/vc_tta_accordion][\/vc_column][\/vc_row][\/vc_section][vc_section full_width=\u00bbstretch_row\u00bb css_animation=\u00bbnone\u00bb el_id=\u00bbguia-higiene-venda-directa\u00bb css=\u00bb.vc_custom_1663080498664{padding-top: 100px !important;padding-bottom: 100px !important;background-color: #4bbc85 !important;}\u00bb][vc_row][vc_column]<div id=\"ultimate-heading-180069f4ed69099a9\" class=\"uvc-heading ult-adjust-bottom-margin ultimate-heading-180069f4ed69099a9 uvc-4707 \" data-hspacer=\"no_spacer\"  data-halign=\"center\" style=\"text-align:center\"><div class=\"uvc-heading-spacer no_spacer\" style=\"top\"><\/div><div class=\"uvc-main-heading ult-responsive\"  data-ultimate-target='.uvc-heading.ultimate-heading-180069f4ed69099a9 h2'  data-responsive-json-new='{\"font-size\":\"desktop:34px;tablet:34px;tablet_portrait:34px;mobile_landscape:20px;mobile:20px;\",\"line-height\":\"desktop:44px;tablet:44px;tablet_portrait:44px;mobile_landscape:32px;mobile:32px;\"}' ><h2 style=\"--font-weight:theme;margin-bottom:20px;\">Gu\u00eda de Pr\u00e1cticas Correctas de Higiene para la Venta y Preparaci\u00f3n de Alimentos en Mercados No Sedentarios<\/h2><\/div><\/div>[vc_row_inner][vc_column_inner width=\u00bb1\/3&#8243;][vc_single_image image=\u00bb8201&#8243; img_size=\u00bblarge\u00bb alignment=\u00bbcenter\u00bb style=\u00bbvc_box_outline\u00bb border_color=\u00bbwhite\u00bb][\/vc_column_inner][vc_column_inner width=\u00bb2\/3&#8243;][vc_column_text]<div class='w3eden'><div class=\"card bg-light c2a4 mt-2 mb-2\">\n    <div class=\"card-body text-center pb-4\">\n        <div class=\"text-center wicon\">\n            \n        <\/div>\n        <h3 class=\"p-0 m-0 mb-2\"><a style=\"font-weight: 700\" target=\"_blank\" href=\"https:\/\/valencia.consellagrari.com\/download\/guia-de-practiques-correctes-dhigiene-per-a-la-venda-i-preparacio-daliments-en-mercats-no-sedentaris\/?wpdmdl=8202&refresh=69f4ed690dbc11777659241\">Guia de Pr\u00e0ctiques Correctes d'Higiene per a la Venda i Preparaci\u00f3 d'Aliments en Mercats No Sedentaris<\/a><\/h3>\n        <p><p>El prop\u00f2sit d\u2019aquesta guia de bones pr\u00e0ctiques \u00e9s proporcionar a les persones responsables dels establiments alimentaris dels mercats no sedentaris, una eina per a facilitar el compliment de la legislaci\u00f3 aliment\u00e0ria, en particular el requisit que estableix l\u2019article 5, relatiu a l\u2019obligaci\u00f3 de disposar d\u2019un sistema d\u2019autocontrol basat en l\u2019APPCC del Reglament (CE) 852\/2004, de 29 d\u2019abril, amb adaptacions a aquest tipus d\u2019activitats i, al mateix temps, establir els requisits en els quals s\u2019han de basar els ajuntaments i altres entitats responsables per a autoritzar la realitzaci\u00f3 d\u2019aquest tipus de mercats i fires eventuals..<\/p>\n<\/p>\n        <div class=\"text-muted text-small\"><i class=\"fas fa-hdd\"><\/i> 6.25 MB<\/div>\n    <\/div>\n    <div class=\"card-footer text-center\">\n            <div class=\"d-button d-inline-block\"><a class='wpdm-download-link download-on-click btn btn-primary ' rel='nofollow' href='#' data-downloadurl=\"https:\/\/valencia.consellagrari.com\/download\/guia-de-practiques-correctes-dhigiene-per-a-la-venda-i-preparacio-daliments-en-mercats-no-sedentaris\/?wpdmdl=8202&refresh=69f4ed690dbc11777659241\">Descargar<\/a><\/div>\n    <\/div>\n<\/div>\n<style>\n    .w3eden .c2a4 .wpdm_icon{ height: 64px !important; width: auto; }  .well.c2a4 .media-body{ font-size: 11pt; }\n    .w3eden .c2a4 .wicon img{ border-radius: 500px; max-width: 96px;margin: 5px auto 25px; }\n    .w3eden .c2a4 .btn{ border-radius: 50px; font-weight: 500; margin: 0 3px; padding: 0 25px; height: 36px; line-height: 36px; font-size: 12px; }\n<\/style>\n<\/div>[\/vc_column_text][\/vc_column_inner][\/vc_row_inner][\/vc_column][\/vc_row][\/vc_section][vc_section full_width=\u00bbstretch_row\u00bb css_animation=\u00bbnone\u00bb css=\u00bb.vc_custom_1663322970849{padding-top: 100px !important;padding-bottom: 100px !important;background-color: #4bbc85 !important;}\u00bb el_id=\u00bbmercats\u00bb el_class=\u00bbhidden\u00bb][vc_row][vc_column][vc_icon icon_fontawesome=\u00bbfas fa-store\u00bb color=\u00bbcustom\u00bb size=\u00bbxl\u00bb align=\u00bbcenter\u00bb custom_color=\u00bb#ffffff\u00bb]<div id=\"ultimate-heading-575969f4ed6918abb\" class=\"uvc-heading ult-adjust-bottom-margin ultimate-heading-575969f4ed6918abb uvc-4065 \" data-hspacer=\"no_spacer\"  data-halign=\"center\" style=\"text-align:center\"><div class=\"uvc-heading-spacer no_spacer\" style=\"top\"><\/div><div class=\"uvc-main-heading ult-responsive\"  data-ultimate-target='.uvc-heading.ultimate-heading-575969f4ed6918abb h2'  data-responsive-json-new='{\"font-size\":\"desktop:34px;tablet:34px;tablet_portrait:34px;mobile_landscape:20px;mobile:20px;\",\"line-height\":\"desktop:44px;tablet:44px;tablet_portrait:44px;mobile_landscape:32px;mobile:32px;\"}' ><h2 style=\"--font-weight:theme;margin-bottom:20px;\">Informaci\u00f3n mercados<\/h2><\/div><\/div>[\/vc_column][\/vc_row][vc_row][vc_column width=\u00bb1\/4&#8243;][\/vc_column][vc_column width=\u00bb1\/2&#8243;][vc_column_text]<\/p>\n<h3 style=\"text-align: center;\">Esta informaci\u00f3n todav\u00eda no est\u00e1 disponible<\/h3>\n<p>[\/vc_column_text][vc_single_image image=\u00bb8228&#8243; img_size=\u00bbmedium\u00bb alignment=\u00bbcenter\u00bb][\/vc_column][vc_column width=\u00bb1\/4&#8243;][\/vc_column][\/vc_row][\/vc_section]<\/p>\n<\/div>","protected":false},"excerpt":{"rendered":"<p>[vc_section css_animation=\u00bbnone\u00bb el_id=\u00bbintro\u00bb css=\u00bb.vc_custom_1663326844828{padding-top: 100px !important;}\u00bb][vc_row equal_height=\u00bbyes\u00bb content_placement=\u00bbtop\u00bb css_animation=\u00bbfadeInDown\u00bb bg_type=\u00bbbg_color\u00bb bg_color_value=\u00bb#ffffff\u00bb css=\u00bb.vc_custom_1663326706691{margin-top: 100px !important;}\u00bb][vc_column width=\u00bb1\/4&#8243; offset=\u00bbvc_hidden-xs\u00bb][vc_single_image image=\u00bb8015&#8243; img_size=\u00bbmedium\u00bb alignment=\u00bbcenter\u00bb onclick=\u00bbcustom_link\u00bb image_hovers=\u00bbfalse\u00bb link=\u00bbhttps:\/\/valencia.consellagrari.com\/es\/venta-directa\/mercados-de-lhorta\/\u00bb][\/vc_column][vc_column width=\u00bb2\/4&#8243; offset=\u00bbvc_col-lg-8 vc_col-md-8 vc_col-xs-12&#8243;][vc_row_inner][vc_column_inner width=\u00bb1\/2&#8243; el_id=\u00bbbox-faqs7&#8243;][\/vc_column_inner][vc_column_inner width=\u00bb1\/2&#8243; el_id=\u00bbbox-faqs8&#8243;][\/vc_column_inner][\/vc_row_inner][\/vc_column][\/vc_row][vc_row equal_height=\u00bbyes\u00bb][vc_column css_animation=\u00bbfadeInLeft\u00bb width=\u00bb1\/2&#8243;][\/vc_column][vc_column css_animation=\u00bbfadeInRight\u00bb width=\u00bb1\/2&#8243;][\/vc_column][\/vc_row][\/vc_section][vc_section css_animation=\u00bbnone\u00bb el_id=\u00bbborsa\u00bb css=\u00bb.vc_custom_1667982988767{padding-top: 100px !important;padding-bottom: 100px !important;}\u00bb][vc_row css=\u00bb.vc_custom_1672070884237{margin-bottom: 30px !important;}\u00bb][vc_column][vc_icon icon_fontawesome=\u00bbfas fa-cogs\u00bb color=\u00bbcustom\u00bb size=\u00bbxl\u00bb align=\u00bbcenter\u00bb custom_color=\u00bb#4bbc85&#8243;][vc_separator color=\u00bbcustom\u00bb border_width=\u00bb2&#8243; el_width=\u00bb30&#8243; accent_color=\u00bb#4bbc85&#8243;][\/vc_column][\/vc_row][vc_row&hellip;<\/p>\n","protected":false},"author":6,"featured_media":8391,"parent":6722,"menu_order":0,"comment_status":"closed","ping_status":"closed","template":"template-microsite.php","meta":{"footnotes":""},"_links":{"self":[{"href":"https:\/\/valencia.consellagrari.com\/es\/wp-json\/wp\/v2\/pages\/8316"}],"collection":[{"href":"https:\/\/valencia.consellagrari.com\/es\/wp-json\/wp\/v2\/pages"}],"about":[{"href":"https:\/\/valencia.consellagrari.com\/es\/wp-json\/wp\/v2\/types\/page"}],"author":[{"embeddable":true,"href":"https:\/\/valencia.consellagrari.com\/es\/wp-json\/wp\/v2\/users\/6"}],"replies":[{"embeddable":true,"href":"https:\/\/valencia.consellagrari.com\/es\/wp-json\/wp\/v2\/comments?post=8316"}],"version-history":[{"count":0,"href":"https:\/\/valencia.consellagrari.com\/es\/wp-json\/wp\/v2\/pages\/8316\/revisions"}],"up":[{"embeddable":true,"href":"https:\/\/valencia.consellagrari.com\/es\/wp-json\/wp\/v2\/pages\/6722"}],"wp:featuredmedia":[{"embeddable":true,"href":"https:\/\/valencia.consellagrari.com\/es\/wp-json\/wp\/v2\/media\/8391"}],"wp:attachment":[{"href":"https:\/\/valencia.consellagrari.com\/es\/wp-json\/wp\/v2\/media?parent=8316"}],"curies":[{"name":"wp","href":"https:\/\/api.w.org\/{rel}","templated":true}]}}